{"id":469,"date":"2018-09-25T10:12:53","date_gmt":"2018-09-25T14:12:53","guid":{"rendered":"http:\/\/alfredboivin.com\/wordpress\/?page_id=469"},"modified":"2025-10-31T13:12:29","modified_gmt":"2025-10-31T17:12:29","slug":"certifications","status":"publish","type":"page","link":"https:\/\/www.alfredboivin.com\/wordpress\/index.php\/certifications\/","title":{"rendered":"Certifications et reconnaissances"},"content":{"rendered":"<div style='padding-bottom:0px; ' class='av-special-heading av-special-heading-h2  blockquote modern-quote modern-centered   '><h2 class='av-special-heading-tag '  itemprop=\"headline\"  >Certifications et reconnaissances<\/h2><div class='special-heading-border'><div class='special-heading-inner-border' ><\/div><\/div><\/div>\n<div style=' margin-top:5px; margin-bottom:35px;'  class='hr hr-custom hr-center hr-icon-no  '><span class='hr-inner   inner-border-av-border-fat' style=' width:50px; border-color:#af0000;' ><span class='hr-inner-style'><\/span><\/span><\/div>\n<section class=\"av_textblock_section \"  itemscope=\"itemscope\" itemtype=\"https:\/\/schema.org\/CreativeWork\" ><div class='avia_textblock  '   itemprop=\"text\" ><p style=\"text-align: justify;\">Pour le Groupe Alfred Boivin, la rigueur, l&rsquo;efficacit\u00e9 et la qualit\u00e9 constituent les \u00e9l\u00e9ments cl\u00e9 de notre travail. Ainsi, nous mettons tout en \u0153uvre afin de vous offrir le meilleur qui soit.\u00a0 Notre \u00e9quipe est en mesure de vous guider et de trouver les solutions qui vous conviendront le mieux et ce, dans le respect de normes internationales.<\/p>\n<p style=\"text-align: justify;\">En effet, au cours de ses 70 ans d&rsquo;op\u00e9ration, le Groupe Alfred Boivin a acquis des certifications essentielles pour pouvoir travailler de mani\u00e8re standardis\u00e9e. C\u2019est donc avec fiert\u00e9 que nous arborons les certifications aux normes internationales \u00e9tablies par <em>L\u2019Organisation internationale de normalisation<\/em> depuis plusieurs ann\u00e9es. Nous d\u00e9tenons \u00e0 ce jour\u00a0:<\/p>\n<ul>\n<li style=\"text-align: justify;\">Un syst\u00e8me de management de la qualit\u00e9 se conformant \u00e0 la norme internationale ISO-9001:2015;<\/li>\n<li style=\"text-align: justify;\">Un syst\u00e8me de management environnemental se conformant \u00e0 la norme internationale ISO-14001:2015.<\/li>\n<\/ul>\n<\/div><\/section>\n<div style='padding-bottom:0px; ' class='av-special-heading av-special-heading-h2  blockquote modern-quote modern-centered   '><h2 class='av-special-heading-tag '  itemprop=\"headline\"  >Certificats ISO 9001:2015<\/h2><div class='special-heading-border'><div class='special-heading-inner-border' ><\/div><\/div><\/div>\n<div style=' margin-top:5px; margin-bottom:35px;'  class='hr hr-custom hr-center hr-icon-no  '><span class='hr-inner   inner-border-av-border-fat' style=' width:50px; border-color:#af0000;' ><span class='hr-inner-style'><\/span><\/span><\/div>\n<div class='avia-gallery  avia-gallery-1 avia_lazyload avia_animate_when_visible '  itemprop=\"ImageObject\" itemscope=\"itemscope\" itemtype=\"https:\/\/schema.org\/ImageObject\" ><div class='avia-gallery-thumb'> <a href='https:\/\/www.alfredboivin.com\/wordpress\/wp-content\/uploads\/2025\/10\/CRM-9001-1-1030x796.png' data-rel='gallery-1' data-prev-img='https:\/\/www.alfredboivin.com\/wordpress\/wp-content\/uploads\/2025\/10\/CRM-9001-1-495x400.png' class='first_thumb lightbox ' data-onclick='1' title=''  itemprop=\"thumbnailUrl\" ><img  src='https:\/\/www.alfredboivin.com\/wordpress\/wp-content\/uploads\/2025\/10\/CRM-9001-1-495x400.png' width='495' height='400'  title='CRM 9001' alt='' \/><\/a> <a href='https:\/\/www.alfredboivin.com\/wordpress\/wp-content\/uploads\/2025\/10\/CSB-9001-1-1030x793.png' data-rel='gallery-1' data-prev-img='https:\/\/www.alfredboivin.com\/wordpress\/wp-content\/uploads\/2025\/10\/CSB-9001-1-495x400.png' class='lightbox ' data-onclick='2' title=''  itemprop=\"thumbnailUrl\" ><img  src='https:\/\/www.alfredboivin.com\/wordpress\/wp-content\/uploads\/2025\/10\/CSB-9001-1-495x400.png' width='495' height='400'  title='CSB 9001' alt='' \/><\/a> <a href='https:\/\/www.alfredboivin.com\/wordpress\/wp-content\/uploads\/2025\/10\/EB-9001-1-1030x795.png' data-rel='gallery-1' data-prev-img='https:\/\/www.alfredboivin.com\/wordpress\/wp-content\/uploads\/2025\/10\/EB-9001-1-495x400.png' class='lightbox ' data-onclick='3' title=''  itemprop=\"thumbnailUrl\" ><img  src='https:\/\/www.alfredboivin.com\/wordpress\/wp-content\/uploads\/2025\/10\/EB-9001-1-495x400.png' width='495' height='400'  title='EB 9001' alt='' \/><\/a> <a href='https:\/\/www.alfredboivin.com\/wordpress\/wp-content\/uploads\/2025\/10\/IIB-9001-1-1030x789.png' data-rel='gallery-1' data-prev-img='https:\/\/www.alfredboivin.com\/wordpress\/wp-content\/uploads\/2025\/10\/IIB-9001-1-495x400.png' class='lightbox ' data-onclick='4' title=''  itemprop=\"thumbnailUrl\" ><img  src='https:\/\/www.alfredboivin.com\/wordpress\/wp-content\/uploads\/2025\/10\/IIB-9001-1-495x400.png' width='495' height='400'  title='IIB 9001' alt='' \/><\/a> <a href='https:\/\/www.alfredboivin.com\/wordpress\/wp-content\/uploads\/2025\/10\/TAB-9001-1-1030x792.png' data-rel='gallery-1' data-prev-img='https:\/\/www.alfredboivin.com\/wordpress\/wp-content\/uploads\/2025\/10\/TAB-9001-1-495x400.png' class='first_thumb lightbox ' data-onclick='5' title=''  itemprop=\"thumbnailUrl\" ><img  src='https:\/\/www.alfredboivin.com\/wordpress\/wp-content\/uploads\/2025\/10\/TAB-9001-1-495x400.png' width='495' height='400'  title='TAB 9001' alt='' \/><\/a><\/div><\/div>\n<div style='padding-bottom:0px; ' class='av-special-heading av-special-heading-h2  blockquote modern-quote modern-centered   '><h2 class='av-special-heading-tag '  itemprop=\"headline\"  >Certificats ISO 14001:2015<\/h2><div class='special-heading-border'><div class='special-heading-inner-border' ><\/div><\/div><\/div>\n<div class='avia-gallery  avia-gallery-2 avia_lazyload avia_animate_when_visible '  itemprop=\"ImageObject\" itemscope=\"itemscope\" itemtype=\"https:\/\/schema.org\/ImageObject\" ><div class='avia-gallery-thumb'> <a href='https:\/\/www.alfredboivin.com\/wordpress\/wp-content\/uploads\/2025\/10\/CSB-14001-1-1030x792.png' data-rel='gallery-2' data-prev-img='https:\/\/www.alfredboivin.com\/wordpress\/wp-content\/uploads\/2025\/10\/CSB-14001-1-495x400.png' class='first_thumb lightbox ' data-onclick='1' title=''  itemprop=\"thumbnailUrl\" ><img  src='https:\/\/www.alfredboivin.com\/wordpress\/wp-content\/uploads\/2025\/10\/CSB-14001-1-495x400.png' width='495' height='400'  title='CSB 14001' alt='' \/><\/a> <a href='https:\/\/www.alfredboivin.com\/wordpress\/wp-content\/uploads\/2025\/10\/EB-14001-1-1030x794.png' data-rel='gallery-2' data-prev-img='https:\/\/www.alfredboivin.com\/wordpress\/wp-content\/uploads\/2025\/10\/EB-14001-1-495x400.png' class='lightbox ' data-onclick='2' title=''  itemprop=\"thumbnailUrl\" ><img  src='https:\/\/www.alfredboivin.com\/wordpress\/wp-content\/uploads\/2025\/10\/EB-14001-1-495x400.png' width='495' height='400'  title='EB 14001' alt='' \/><\/a> <a href='https:\/\/www.alfredboivin.com\/wordpress\/wp-content\/uploads\/2025\/10\/IIB-14001-1-1030x789.png' data-rel='gallery-2' data-prev-img='https:\/\/www.alfredboivin.com\/wordpress\/wp-content\/uploads\/2025\/10\/IIB-14001-1-495x400.png' class='lightbox ' data-onclick='3' title=''  itemprop=\"thumbnailUrl\" ><img  src='https:\/\/www.alfredboivin.com\/wordpress\/wp-content\/uploads\/2025\/10\/IIB-14001-1-495x400.png' width='495' height='400'  title='IIB 14001' alt='' \/><\/a> <a href='https:\/\/www.alfredboivin.com\/wordpress\/wp-content\/uploads\/2025\/10\/TAB-14001-1-1030x796.png' data-rel='gallery-2' data-prev-img='https:\/\/www.alfredboivin.com\/wordpress\/wp-content\/uploads\/2025\/10\/TAB-14001-1-495x400.png' class='first_thumb lightbox ' data-onclick='4' title=''  itemprop=\"thumbnailUrl\" ><img  src='https:\/\/www.alfredboivin.com\/wordpress\/wp-content\/uploads\/2025\/10\/TAB-14001-1-495x400.png' width='495' height='400'  title='TAB 14001' alt='' \/><\/a><\/div><\/div>\n<div style=' margin-top:5px; margin-bottom:35px;'  class='hr hr-custom hr-center hr-icon-no  '><span class='hr-inner   inner-border-av-border-fat' style=' width:50px; border-color:#af0000;' ><span class='hr-inner-style'><\/span><\/span><\/div>\n<div style='padding-bottom:0px; ' class='av-special-heading av-special-heading-h2  blockquote modern-quote modern-centered   '><h2 class='av-special-heading-tag '  itemprop=\"headline\"  >Reconnaissances<\/h2><div class='special-heading-border'><div class='special-heading-inner-border' ><\/div><\/div><\/div>\n<div style=' margin-top:5px; margin-bottom:35px;'  class='hr hr-custom hr-center hr-icon-no  '><span class='hr-inner   inner-border-av-border-fat' style=' width:50px; border-color:#af0000;' ><span class='hr-inner-style'><\/span><\/span><\/div>\n<div class=\"flex_column av_one_half  flex_column_div av-zero-column-padding first  \" style='border-radius:0px; '><section class=\"av_textblock_section \"  itemscope=\"itemscope\" itemtype=\"https:\/\/schema.org\/CreativeWork\" ><div class='avia_textblock  '   itemprop=\"text\" ><p>Enclin \u00e0 demeurer sur le march\u00e9 et de continuer \u00e0 progresser, le Groupe Alfred Boivin s\u2019est vu d\u00e9cerner des marques de reconnaissances par divers organismes et associations telles que\u00a0:<\/p>\n<ul>\n<li>Gagnant<strong> Partenaire \u00c9coresponsable 2022<\/strong> &#8211; Gala des entrepreneurs Rio Tinto<\/li>\n<li>Finaliste <strong>Partenaire Innovation 2022<\/strong> &#8211; Gala des entrepreneurs Rio Tinto<\/li>\n<li>Finaliste <strong>Partenaire Ambassadeur de la communaut\u00e9 2022<\/strong> &#8211; Gala des entrepreneurs Rio Tinto<\/li>\n<li>Finaliste <strong>Partenaire Sant\u00e9-Bie-\u00eatre 2022<\/strong> &#8211; Gala des entrepreneurs Rio Tinto<\/li>\n<li>Finaliste <strong>Partenaire d&rsquo;affaires 202<\/strong>2 &#8211; Gala des entrepreneurs Rio Tinto<\/li>\n<li>Finaliste <strong>Entretien\/Op\u00e9ration incluant transport 2022<\/strong> &#8211; Gala des entrepreneurs Rio Tinto<\/li>\n<li>Gagnant du Dubuc de <strong>Transfert d&rsquo;entreprise et Rel\u00e8ve<\/strong> \u2013 Gala des Dubuc 2022.<\/li>\n<li>Finaliste cat\u00e9gorie <strong>Attraction et r\u00e9tention de main-d&rsquo;\u0153uvre<\/strong> \u2013 Gala des Dubuc 2022.<\/li>\n<li>Gagnant du prix <strong>Innovation<\/strong> \u2013 Gala 2021 de remise des prix d&rsquo;Excellence de l&rsquo;Aluminerie Alouette;<\/li>\n<li>Gagnant du Dubuc de l&rsquo;<strong>entreprise de l&rsquo;ann\u00e9e<\/strong> <strong>2021<\/strong>\u2013 Gala du m\u00e9rite \u00e9conomique de la Chambre de commerce Saguenay-Le Fjord;<\/li>\n<li>Gagnant du Dubuc de l<strong>&lsquo;Entreprise de construction de l&rsquo;ann\u00e9<\/strong>e 2021\u2013 Gala du m\u00e9rite \u00e9conomique de la Chambre de commerce Saguenay-Le Fjord;<\/li>\n<li>Finaliste cat\u00e9gorie <strong>attraction et r\u00e9tention de main-d&rsquo;\u0153uvre<\/strong> <b>2021<\/b>\u2013 Gala du m\u00e9rite \u00e9conomique de la Chambre de commerce Saguenay-Le Fjord;<\/li>\n<li>Gagnant du <strong>Prix d&rsquo;excellence SSE &#8211; Entrepreneur de l&rsquo;ann\u00e9e cat\u00e9gorie op\u00e9ration<\/strong> 2020 de Rio Tinto<\/li>\n<li>Finaliste cat\u00e9gorie <strong>cr\u00e9ation de valeur, gestion de contrat et am\u00e9lioration continue<\/strong> 2020 de Rio Tinto;<\/li>\n<li>Gagnant du <strong>Prix d&rsquo;excellence SSE &#8211; Entrepreneur de l&rsquo;ann\u00e9e cat\u00e9gorie op\u00e9ration<\/strong> 2019 de Rio Tinto;<\/li>\n<li>Finaliste du <strong>Gala national des Grands Prix sant\u00e9 et s\u00e9curit\u00e9 du travail<\/strong> 2019 de la CNESST \u00a0(cat\u00e9gorie Innovation)<\/li>\n<li>Laur\u00e9at r\u00e9gional 2018 de l&rsquo;Innovation &#8211; Grandes Entreprises des <strong>Grands Prix Sant\u00e9 et s\u00e9curit\u00e9 du travail<\/strong> de la CNESST;<\/li>\n<li>Finaliste cat\u00e9gorie transfert d\u2019entreprise et rel\u00e8ve, <strong>Gala du m\u00e9rite \u00e9conomique<\/strong> 2017;<\/li>\n<li>Finaliste des grands prix sant\u00e9 et s\u00e9curit\u00e9 \u2013 CNESST 2016;<\/li>\n<li>Ordre des b\u00e2tisseurs (2013);<\/li>\n<li>Gagnant du troph\u00e9e \u00ab\u00a0<strong>Armatura<\/strong>\u00a0<strong>2012<\/strong>\u00a0\u00bb pour le Pont en Arc Route 175 Stoneham;<\/li>\n<li>Diverses mentions en sant\u00e9, s\u00e9curit\u00e9 et environnement de RTA (2006, 2009 et 2011);<\/li>\n<li>Laur\u00e9at OR PME 2007 Est du Qu\u00e9bec (Innovation Industrielle Boivin);<\/li>\n<li>Nomin\u00e9 \u00e0 titre de \u00ab\u00a0<strong>PME de la Banque Nationale 2004\u00a0<\/strong>\u00bb, d\u00e9cern\u00e9 par la Banque Nationale;<\/li>\n<li>Gagnant du troph\u00e9e \u00ab\u00a0<strong>Construire\u00a0<\/strong>\u00bb, section Saguenay-Lac Saint-Jean, d\u00e9cern\u00e9 par l\u2019Association de la construction du Qu\u00e9bec en 1998;<\/li>\n<li>D\u00e9tenteurs du \u00ab\u00a0<strong>Sceau d\u2019Or\u00a0<\/strong>\u00bb pour les normes de qualification les plus \u00e9lev\u00e9es dans l\u2019industrie de la construction d\u00e9cern\u00e9 par l\u2019Association canadienne de la construction en 1998;<\/li>\n<li>Gagnant du troph\u00e9e \u00ab\u00a0<strong>Dynastie\u00a0<\/strong>\u00bb pour l\u2019entreprise familiale, d\u00e9cern\u00e9e par le Groupe Royaume St-Paul en 1995.<\/li>\n<\/ul>\n<\/div><\/section><\/div>\n<div class=\"flex_column av_one_half  flex_column_div av-zero-column-padding   \" style='border-radius:0px; '><div class='avia-gallery  avia-gallery-3 avia_lazyload avia_animate_when_visible '  itemprop=\"ImageObject\" itemscope=\"itemscope\" itemtype=\"https:\/\/schema.org\/ImageObject\" ><div class='avia-gallery-thumb'> <a href='https:\/\/www.alfredboivin.com\/wordpress\/wp-content\/uploads\/2022\/06\/Capture-decran-2022-05-06-083023-1030x702.jpg' data-rel='gallery-3' data-prev-img='https:\/\/www.alfredboivin.com\/wordpress\/wp-content\/uploads\/2022\/06\/Capture-decran-2022-05-06-083023-495x400.jpg' class='first_thumb lightbox ' data-onclick='1' title=''  itemprop=\"thumbnailUrl\" ><img  src='https:\/\/www.alfredboivin.com\/wordpress\/wp-content\/uploads\/2022\/06\/Capture-decran-2022-05-06-083023-260x185.jpg' width='260' height='185'  title='Capture d\u2019\u00e9cran 2022-05-06 083023' alt='' \/><\/a> <a href='https:\/\/www.alfredboivin.com\/wordpress\/wp-content\/uploads\/2022\/02\/IIB.jpg' data-rel='gallery-3' data-prev-img='https:\/\/www.alfredboivin.com\/wordpress\/wp-content\/uploads\/2022\/02\/IIB.jpg' class='first_thumb lightbox ' data-onclick='2' title=''  itemprop=\"thumbnailUrl\" ><img  src='https:\/\/www.alfredboivin.com\/wordpress\/wp-content\/uploads\/2022\/02\/IIB.jpg' width='260' height='175'  title='IIB' alt='' \/><\/a> <a href='https:\/\/www.alfredboivin.com\/wordpress\/wp-content\/uploads\/2022\/02\/Entrepreneur-de-lann_e-SSE-2021.jpg' data-rel='gallery-3' data-prev-img='https:\/\/www.alfredboivin.com\/wordpress\/wp-content\/uploads\/2022\/02\/Entrepreneur-de-lann_e-SSE-2021.jpg' class='first_thumb lightbox ' data-onclick='3' title=''  itemprop=\"thumbnailUrl\" ><img  src='https:\/\/www.alfredboivin.com\/wordpress\/wp-content\/uploads\/2022\/02\/Entrepreneur-de-lann_e-SSE-2021.jpg' width='247' height='185'  title='Entrepreneur de l&#039;ann_e SSE 2021' alt='' \/><\/a><\/div><\/div><\/div>\n","protected":false},"excerpt":{"rendered":"","protected":false},"author":1,"featured_media":0,"parent":0,"menu_order":0,"comment_status":"closed","ping_status":"closed","template":"","meta":{"_exactmetrics_skip_tracking":false,"_exactmetrics_sitenote_active":false,"_exactmetrics_sitenote_note":"","_exactmetrics_sitenote_category":0,"footnotes":""},"class_list":["post-469","page","type-page","status-publish","hentry"],"yoast_head":"<!-- This site is optimized with the Yoast SEO Premium plugin v26.8 (Yoast SEO v26.8) - https:\/\/yoast.com\/product\/yoast-seo-premium-wordpress\/ -->\n<title>Certifications et reconnaissances - Groupe Alfred Boivin<\/title>\n<meta name=\"description\" content=\"Au fil du temps, le Groupe Alfred Boivin a su se d\u00e9marquer de ses pairs par l&#039;excellence de son travail. Nos certifications et reconnaissances en t\u00e9moignent\" \/>\n<meta name=\"robots\" content=\"index, follow, max-snippet:-1, max-image-preview:large, max-video-preview:-1\" \/>\n<link rel=\"canonical\" href=\"https:\/\/www.alfredboivin.com\/wordpress\/index.php\/certifications\/\" \/>\n<meta property=\"og:locale\" content=\"fr_FR\" \/>\n<meta property=\"og:type\" content=\"article\" \/>\n<meta property=\"og:title\" content=\"Certifications et reconnaissances\" \/>\n<meta property=\"og:description\" content=\"Au fil du temps, le Groupe Alfred Boivin a su se d\u00e9marquer de ses pairs par l&#039;excellence de son travail. Nos certifications et reconnaissances en t\u00e9moignent\" \/>\n<meta property=\"og:url\" content=\"https:\/\/www.alfredboivin.com\/wordpress\/index.php\/certifications\/\" \/>\n<meta property=\"og:site_name\" content=\"Groupe Alfred Boivin\" \/>\n<meta property=\"article:publisher\" content=\"https:\/\/www.facebook.com\/groupealfredboivin\" \/>\n<meta property=\"article:modified_time\" content=\"2025-10-31T17:12:29+00:00\" \/>\n<meta name=\"twitter:card\" content=\"summary_large_image\" \/>\n<meta name=\"twitter:label1\" content=\"Dur\u00e9e de lecture estim\u00e9e\" \/>\n\t<meta name=\"twitter:data1\" content=\"5 minutes\" \/>\n<script type=\"application\/ld+json\" class=\"yoast-schema-graph\">{\"@context\":\"https:\/\/schema.org\",\"@graph\":[{\"@type\":\"WebPage\",\"@id\":\"https:\/\/www.alfredboivin.com\/wordpress\/index.php\/certifications\/\",\"url\":\"https:\/\/www.alfredboivin.com\/wordpress\/index.php\/certifications\/\",\"name\":\"Certifications et reconnaissances - Groupe Alfred Boivin\",\"isPartOf\":{\"@id\":\"https:\/\/www.alfredboivin.com\/wordpress\/#website\"},\"datePublished\":\"2018-09-25T14:12:53+00:00\",\"dateModified\":\"2025-10-31T17:12:29+00:00\",\"description\":\"Au fil du temps, le Groupe Alfred Boivin a su se d\u00e9marquer de ses pairs par l'excellence de son travail. Nos certifications et reconnaissances en t\u00e9moignent\",\"breadcrumb\":{\"@id\":\"https:\/\/www.alfredboivin.com\/wordpress\/index.php\/certifications\/#breadcrumb\"},\"inLanguage\":\"fr-FR\",\"potentialAction\":[{\"@type\":\"ReadAction\",\"target\":[\"https:\/\/www.alfredboivin.com\/wordpress\/index.php\/certifications\/\"]}]},{\"@type\":\"BreadcrumbList\",\"@id\":\"https:\/\/www.alfredboivin.com\/wordpress\/index.php\/certifications\/#breadcrumb\",\"itemListElement\":[{\"@type\":\"ListItem\",\"position\":1,\"name\":\"Accueil\",\"item\":\"https:\/\/www.alfredboivin.com\/wordpress\/index.php\/home\/\"},{\"@type\":\"ListItem\",\"position\":2,\"name\":\"Certifications et reconnaissances\"}]},{\"@type\":\"WebSite\",\"@id\":\"https:\/\/www.alfredboivin.com\/wordpress\/#website\",\"url\":\"https:\/\/www.alfredboivin.com\/wordpress\/\",\"name\":\"Groupe Alfred Boivin\",\"description\":\"B\u00e2tir l&#039;avenir autrement!\",\"publisher\":{\"@id\":\"https:\/\/www.alfredboivin.com\/wordpress\/#organization\"},\"potentialAction\":[{\"@type\":\"SearchAction\",\"target\":{\"@type\":\"EntryPoint\",\"urlTemplate\":\"https:\/\/www.alfredboivin.com\/wordpress\/?s={search_term_string}\"},\"query-input\":{\"@type\":\"PropertyValueSpecification\",\"valueRequired\":true,\"valueName\":\"search_term_string\"}}],\"inLanguage\":\"fr-FR\"},{\"@type\":\"Organization\",\"@id\":\"https:\/\/www.alfredboivin.com\/wordpress\/#organization\",\"name\":\"Groupe Alfred Boivin\",\"url\":\"https:\/\/www.alfredboivin.com\/wordpress\/\",\"logo\":{\"@type\":\"ImageObject\",\"inLanguage\":\"fr-FR\",\"@id\":\"https:\/\/www.alfredboivin.com\/wordpress\/#\/schema\/logo\/image\/\",\"url\":\"https:\/\/www.alfredboivin.com\/wordpress\/wp-content\/uploads\/2018\/09\/Groupe-Alfred-Boivin.png\",\"contentUrl\":\"https:\/\/www.alfredboivin.com\/wordpress\/wp-content\/uploads\/2018\/09\/Groupe-Alfred-Boivin.png\",\"width\":500,\"height\":350,\"caption\":\"Groupe Alfred Boivin\"},\"image\":{\"@id\":\"https:\/\/www.alfredboivin.com\/wordpress\/#\/schema\/logo\/image\/\"},\"sameAs\":[\"https:\/\/www.facebook.com\/groupealfredboivin\",\"https:\/\/www.instagram.com\/groupealfredboivin\/\"],\"description\":\"Le Groupe Alfred Boivin se sp\u00e9cialise dans la location de bennes, le transport en tout genres, le g\u00e9nie civil, la gestion de parc \u00e0 r\u00e9sidus miniers ainsi que la r\u00e9cup\u00e9ration de m\u00e9taux partout au Saguenay\u2013Lac-St-Jean.\",\"email\":\"eab@alfredboivin.com\",\"foundingDate\":\"194701-01-01\",\"numberOfEmployees\":{\"@type\":\"QuantitativeValue\",\"minValue\":\"201\",\"maxValue\":\"500\"}}]}<\/script>\n<!-- \/ Yoast SEO Premium plugin. -->","yoast_head_json":{"title":"Certifications et reconnaissances - Groupe Alfred Boivin","description":"Au fil du temps, le Groupe Alfred Boivin a su se d\u00e9marquer de ses pairs par l'excellence de son travail. Nos certifications et reconnaissances en t\u00e9moignent","robots":{"index":"index","follow":"follow","max-snippet":"max-snippet:-1","max-image-preview":"max-image-preview:large","max-video-preview":"max-video-preview:-1"},"canonical":"https:\/\/www.alfredboivin.com\/wordpress\/index.php\/certifications\/","og_locale":"fr_FR","og_type":"article","og_title":"Certifications et reconnaissances","og_description":"Au fil du temps, le Groupe Alfred Boivin a su se d\u00e9marquer de ses pairs par l'excellence de son travail. Nos certifications et reconnaissances en t\u00e9moignent","og_url":"https:\/\/www.alfredboivin.com\/wordpress\/index.php\/certifications\/","og_site_name":"Groupe Alfred Boivin","article_publisher":"https:\/\/www.facebook.com\/groupealfredboivin","article_modified_time":"2025-10-31T17:12:29+00:00","twitter_card":"summary_large_image","twitter_misc":{"Dur\u00e9e de lecture estim\u00e9e":"5 minutes"},"schema":{"@context":"https:\/\/schema.org","@graph":[{"@type":"WebPage","@id":"https:\/\/www.alfredboivin.com\/wordpress\/index.php\/certifications\/","url":"https:\/\/www.alfredboivin.com\/wordpress\/index.php\/certifications\/","name":"Certifications et reconnaissances - Groupe Alfred Boivin","isPartOf":{"@id":"https:\/\/www.alfredboivin.com\/wordpress\/#website"},"datePublished":"2018-09-25T14:12:53+00:00","dateModified":"2025-10-31T17:12:29+00:00","description":"Au fil du temps, le Groupe Alfred Boivin a su se d\u00e9marquer de ses pairs par l'excellence de son travail. Nos certifications et reconnaissances en t\u00e9moignent","breadcrumb":{"@id":"https:\/\/www.alfredboivin.com\/wordpress\/index.php\/certifications\/#breadcrumb"},"inLanguage":"fr-FR","potentialAction":[{"@type":"ReadAction","target":["https:\/\/www.alfredboivin.com\/wordpress\/index.php\/certifications\/"]}]},{"@type":"BreadcrumbList","@id":"https:\/\/www.alfredboivin.com\/wordpress\/index.php\/certifications\/#breadcrumb","itemListElement":[{"@type":"ListItem","position":1,"name":"Accueil","item":"https:\/\/www.alfredboivin.com\/wordpress\/index.php\/home\/"},{"@type":"ListItem","position":2,"name":"Certifications et reconnaissances"}]},{"@type":"WebSite","@id":"https:\/\/www.alfredboivin.com\/wordpress\/#website","url":"https:\/\/www.alfredboivin.com\/wordpress\/","name":"Groupe Alfred Boivin","description":"B\u00e2tir l&#039;avenir autrement!","publisher":{"@id":"https:\/\/www.alfredboivin.com\/wordpress\/#organization"},"potentialAction":[{"@type":"SearchAction","target":{"@type":"EntryPoint","urlTemplate":"https:\/\/www.alfredboivin.com\/wordpress\/?s={search_term_string}"},"query-input":{"@type":"PropertyValueSpecification","valueRequired":true,"valueName":"search_term_string"}}],"inLanguage":"fr-FR"},{"@type":"Organization","@id":"https:\/\/www.alfredboivin.com\/wordpress\/#organization","name":"Groupe Alfred Boivin","url":"https:\/\/www.alfredboivin.com\/wordpress\/","logo":{"@type":"ImageObject","inLanguage":"fr-FR","@id":"https:\/\/www.alfredboivin.com\/wordpress\/#\/schema\/logo\/image\/","url":"https:\/\/www.alfredboivin.com\/wordpress\/wp-content\/uploads\/2018\/09\/Groupe-Alfred-Boivin.png","contentUrl":"https:\/\/www.alfredboivin.com\/wordpress\/wp-content\/uploads\/2018\/09\/Groupe-Alfred-Boivin.png","width":500,"height":350,"caption":"Groupe Alfred Boivin"},"image":{"@id":"https:\/\/www.alfredboivin.com\/wordpress\/#\/schema\/logo\/image\/"},"sameAs":["https:\/\/www.facebook.com\/groupealfredboivin","https:\/\/www.instagram.com\/groupealfredboivin\/"],"description":"Le Groupe Alfred Boivin se sp\u00e9cialise dans la location de bennes, le transport en tout genres, le g\u00e9nie civil, la gestion de parc \u00e0 r\u00e9sidus miniers ainsi que la r\u00e9cup\u00e9ration de m\u00e9taux partout au Saguenay\u2013Lac-St-Jean.","email":"eab@alfredboivin.com","foundingDate":"194701-01-01","numberOfEmployees":{"@type":"QuantitativeValue","minValue":"201","maxValue":"500"}}]}},"_links":{"self":[{"href":"https:\/\/www.alfredboivin.com\/wordpress\/index.php\/wp-json\/wp\/v2\/pages\/469","targetHints":{"allow":["GET"]}}],"collection":[{"href":"https:\/\/www.alfredboivin.com\/wordpress\/index.php\/wp-json\/wp\/v2\/pages"}],"about":[{"href":"https:\/\/www.alfredboivin.com\/wordpress\/index.php\/wp-json\/wp\/v2\/types\/page"}],"author":[{"embeddable":true,"href":"https:\/\/www.alfredboivin.com\/wordpress\/index.php\/wp-json\/wp\/v2\/users\/1"}],"replies":[{"embeddable":true,"href":"https:\/\/www.alfredboivin.com\/wordpress\/index.php\/wp-json\/wp\/v2\/comments?post=469"}],"version-history":[{"count":32,"href":"https:\/\/www.alfredboivin.com\/wordpress\/index.php\/wp-json\/wp\/v2\/pages\/469\/revisions"}],"predecessor-version":[{"id":10012,"href":"https:\/\/www.alfredboivin.com\/wordpress\/index.php\/wp-json\/wp\/v2\/pages\/469\/revisions\/10012"}],"wp:attachment":[{"href":"https:\/\/www.alfredboivin.com\/wordpress\/index.php\/wp-json\/wp\/v2\/media?parent=469"}],"curies":[{"name":"wp","href":"https:\/\/api.w.org\/{rel}","templated":true}]}}