{"id":1368,"date":"2020-08-13T11:36:39","date_gmt":"2020-08-13T15:36:39","guid":{"rendered":"https:\/\/www.alfredboivin.com\/wordpress\/?page_id=1368"},"modified":"2024-04-19T14:05:24","modified_gmt":"2024-04-19T18:05:24","slug":"location-de-bennes","status":"publish","type":"page","link":"https:\/\/www.alfredboivin.com\/wordpress\/index.php\/location-de-bennes\/","title":{"rendered":"TRANSPORT SANITAIRE FORTIN"},"content":{"rendered":"<\/div><\/div><\/div><!-- close content main div --><\/div><\/div><div id='full_slider_1' class='avia-fullwidth-slider main_color avia-shadow   container_wrap sidebar_right'   ><div  data-size='featured'  data-lightbox_size='large'  data-animation='slide'  data-conditional_play=''  data-ids='8194,8193'  data-video_counter='0'  data-autoplay='false'  data-bg_slider='false'  data-slide_height=''  data-handle='av_slideshow_full'  data-interval='5'  data-class=' image_no_stretch'  data-css_id=''  data-scroll_down=''  data-control_layout='av-control-default'  data-custom_markup=''  data-perma_caption=''  data-autoplay_stopper=''  data-image_attachment=''  data-min_height='0px'  data-src=''  data-position='top left'  data-repeat='no-repeat'  data-attach='scroll'  data-stretch='image_no_stretch'  data-default-height='28.666666666667'  class='avia-slideshow avia-slideshow-1  av-control-default av-default-height-applied avia-slideshow-featured av_slideshow_full  image_no_stretch avia-slide-slider '  itemprop=\"ImageObject\" itemscope=\"itemscope\" itemtype=\"https:\/\/schema.org\/ImageObject\" ><ul class='avia-slideshow-inner ' style='padding-bottom: 28.666666666667%;' ><\/ul><\/div><\/div>\n<div class=\"flex_column av_one_full  flex_column_div av-zero-column-padding first  \" style='border-radius:0px; '><p><div style='padding-bottom:0px; ' class='av-special-heading av-special-heading-h2  blockquote modern-quote modern-centered  '><h2 class='av-special-heading-tag '  itemprop=\"headline\"  >TRANSPORT SANITAIRE FORTIN \u2013 LOCATION DE BENNES<\/h2><div class='special-heading-border'><div class='special-heading-inner-border' ><\/div><\/div><\/div><br \/>\n<div style=' margin-top:5px; margin-bottom:35px;'  class='hr hr-custom hr-center hr-icon-no  '><span class='hr-inner   inner-border-av-border-fat' style=' width:50px; border-color:#af0000;' ><span class='hr-inner-style'><\/span><\/span><\/div><br \/>\n<section class=\"av_textblock_section \"  itemscope=\"itemscope\" itemtype=\"https:\/\/schema.org\/CreativeWork\" ><div class='avia_textblock  '  style='font-size:23px; '  itemprop=\"text\" ><p style=\"text-align: center;\"><em>La r\u00e9f\u00e9rence en location de bennes partout au Saguenay\u2013Lac-St-Jean!<\/em><\/p>\n<\/div><\/section><\/p><\/div>\n<div class=\"flex_column av_one_half  flex_column_div av-zero-column-padding first  \" style='border-radius:0px; '><p><div class='avia-image-container  av-styling-    avia-align-center '  itemprop=\"ImageObject\" itemscope=\"itemscope\" itemtype=\"https:\/\/schema.org\/ImageObject\"  ><div class='avia-image-container-inner'><div class='avia-image-overlay-wrap'><img class='avia_image ' src='https:\/\/www.alfredboivin.com\/wordpress\/wp-content\/uploads\/2024\/04\/1000014740.jpg' alt='' title='Transport Alfred Boivin' height=\"1380\"width=\"920\"  itemprop=\"thumbnailUrl\"  \/><\/div><\/div><\/div><br \/>\n<div class='avia-image-container  av-styling-    avia-align-center '  itemprop=\"ImageObject\" itemscope=\"itemscope\" itemtype=\"https:\/\/schema.org\/ImageObject\"  ><div class='avia-image-container-inner'><div class='avia-image-overlay-wrap'><img class='avia_image ' src='https:\/\/www.alfredboivin.com\/wordpress\/wp-content\/uploads\/2024\/04\/103838486_111342267277702_522200015833590199_o-1-1.jpg' alt='' title=''   itemprop=\"thumbnailUrl\"  \/><\/div><\/div><\/div><\/p><\/div>\n<div class=\"flex_column av_one_half  flex_column_div av-zero-column-padding   \" style='border-radius:0px; '><section class=\"av_textblock_section \"  itemscope=\"itemscope\" itemtype=\"https:\/\/schema.org\/CreativeWork\" ><div class='avia_textblock  '   itemprop=\"text\" ><p style=\"text-align: justify;\"><em>Transport Sanitaire Fortin<\/em> op\u00e8re dor\u00e9navant sous le nom de<a href=\"https:\/\/www.alfredboivin.com\/wordpress\/index.php\/transportalfredboivin\/\" target=\"_blank\" rel=\"noopener\"><em> Transport Alfred Boivin!<\/em><\/a> Nouveau nom, mais toujours le m\u00eame excellent service! Avec un port d&rsquo;attache \u00e0 Chicoutimi ainsi qu&rsquo;\u00e0 Alma, nous sommes en mesure de r\u00e9pondre rapidement \u00e0 tous vos besoins de location de bennes et ce, partout dans la r\u00e9gion!<\/p>\n<p style=\"text-align: justify;\">L&rsquo;entreprise se sp\u00e9cialise dans le transport de bennes de rebuts de toutes sortes. Disposant de plus de 200 bennes de type <em>roll-off<\/em>, <em>Transport Alfred Boivin<\/em> se positionne comme un leader r\u00e9gional dans le transport de conteneurs sur la route. Le domaine du transport routier requiert des proc\u00e9dures de travail sp\u00e9cifiques, des \u00e9quipements conformes et du personnel qualifi\u00e9. C&rsquo;est ce que notre filiale vous offre!<\/p>\n<p style=\"text-align: justify;\">Desservant l&rsquo;enti\u00e8ret\u00e9 du territoire du Saguenay\u2013Lac-St-Jean, notre \u00e9quipe d\u00e9tient une solide exp\u00e9rience! Cela lui permet d&rsquo;offrir un service irr\u00e9prochable lorsqu&rsquo;il est question d&rsquo;entreposer ou de transporter des d\u00e9bris de construction, de d\u00e9molition, de recyclage ou tout autre type de d\u00e9chets.<\/p>\n<p style=\"text-align: justify;\">Notre filiale est en mesure de vous aider pour tous vos besoin d&rsquo;entreposage en conteneur ainsi que pour disposer des rebuts de tous vos travaux de construction et de d\u00e9molition. Service rapide, \u00e9quipe exp\u00e9riment\u00e9e, souci de l&rsquo;environnement; c&rsquo;est ce que vous offre <em>Transport Alfred Boivin!<\/em><\/p>\n<\/div><\/section><br \/>\n<div style=' margin-top:50px; margin-bottom:35px;'  class='hr hr-custom hr-center hr-icon-no  '><span class='hr-inner   inner-border-av-border-fat' style=' width:50px; border-color:#ffffff;' ><span class='hr-inner-style'><\/span><\/span><\/div><br \/>\n<div style='padding-bottom:0px; ' class='av-special-heading av-special-heading-h2  blockquote modern-quote modern-centered   '><h2 class='av-special-heading-tag '  itemprop=\"headline\"  >Nos services<\/h2><div class='special-heading-border'><div class='special-heading-inner-border' ><\/div><\/div><\/div><br \/>\n<div style=' margin-top:5px; margin-bottom:35px;'  class='hr hr-custom hr-center hr-icon-no  '><span class='hr-inner   inner-border-av-border-fat' style=' width:50px; border-color:#af0000;' ><span class='hr-inner-style'><\/span><\/span><\/div><br \/>\n<section class=\"av_textblock_section \"  itemscope=\"itemscope\" itemtype=\"https:\/\/schema.org\/CreativeWork\" ><div class='avia_textblock  '   itemprop=\"text\" ><ul>\n<li>Transport de bo\u00eete de type roll-off;<\/li>\n<li>Location de conteneurs;<\/li>\n<li>Ramassage de conteneurs.<\/li>\n<\/ul>\n<\/div><\/section><br \/>\n<section class=\"av_textblock_section \"  itemscope=\"itemscope\" itemtype=\"https:\/\/schema.org\/CreativeWork\" ><div class='avia_textblock  '   itemprop=\"text\" ><p style=\"text-align: justify;\">Vous avez besoin d&rsquo;un conteneur pour y faire de l&rsquo;entreposage? Vous avez des rebuts \u00e0 faire ramasser? Vous souhaitez recevoir un service rapide et irr\u00e9prochable \u00e0 prix comp\u00e9titif? Contactez notre \u00e9quipe!<\/p>\n<p style=\"text-align: justify;\">Vous pouvez \u00e9galement <a href=\"https:\/\/www.facebook.com\/groupealfredboivin\" target=\"_blank\" rel=\"noopener\">visiter notre page Facebook<\/a>\u00a0afin d&rsquo;\u00eatre au courant des derni\u00e8res nouvelles concernant le <em>Groupe Alfred Boivin<\/em> et ses filiales!<\/p>\n<p>APPELEZ-NOUS !\u00a0 418 812-4671<\/p>\n<\/div><\/section><br \/>\n<div style=' margin-top:50px; margin-bottom:35px;'  class='hr hr-custom hr-center hr-icon-no  '><span class='hr-inner   inner-border-av-border-fat' style=' width:50px; border-color:#ffffff;' ><span class='hr-inner-style'><\/span><\/span><\/div><br \/>\n<div class='avia-button-wrap avia-button-center '><a href='https:\/\/www.alfredboivin.com\/wordpress\/index.php\/contact-tsf\/'  class='avia-button   avia-icon_select-yes-left-icon avia-color-red avia-size-x-large avia-position-center '   ><span class='avia_button_icon avia_button_icon_left ' aria-hidden='true' data-av_icon='\ue805' data-av_iconfont='entypo-fontello'><\/span><span class='avia_iconbox_title' >Contactez-Nous!<\/span><\/a><\/div><\/p><\/div>\n","protected":false},"excerpt":{"rendered":"","protected":false},"author":1,"featured_media":0,"parent":0,"menu_order":0,"comment_status":"closed","ping_status":"closed","template":"","meta":{"_exactmetrics_skip_tracking":false,"_exactmetrics_sitenote_active":false,"_exactmetrics_sitenote_note":"","_exactmetrics_sitenote_category":0,"footnotes":""},"class_list":["post-1368","page","type-page","status-publish","hentry"],"yoast_head":"<!-- This site is optimized with the Yoast SEO Premium plugin v26.8 (Yoast SEO v26.8) - https:\/\/yoast.com\/product\/yoast-seo-premium-wordpress\/ -->\n<title>Location de bennes au Saguenay\u2013Lac-St-Jean - Groupe Alfred Boivin<\/title>\n<meta name=\"description\" content=\"Nous sommes LA r\u00e9f\u00e9rence pour tous vos besoins en location de bennes et conteneurs pour l&#039;entreposage de vos de rebuts!\" \/>\n<meta name=\"robots\" content=\"index, follow, max-snippet:-1, max-image-preview:large, max-video-preview:-1\" \/>\n<link rel=\"canonical\" href=\"https:\/\/www.alfredboivin.com\/wordpress\/index.php\/location-de-bennes\/\" \/>\n<meta property=\"og:locale\" content=\"fr_FR\" \/>\n<meta property=\"og:type\" content=\"article\" \/>\n<meta property=\"og:title\" content=\"Transport Sanitaire Fortin\" \/>\n<meta property=\"og:description\" content=\"Nous sommes LA r\u00e9f\u00e9rence pour tous vos besoins en location de bennes et conteneurs pour l&#039;entreposage de vos de rebuts!\" \/>\n<meta property=\"og:url\" content=\"https:\/\/www.alfredboivin.com\/wordpress\/index.php\/location-de-bennes\/\" \/>\n<meta property=\"og:site_name\" content=\"Groupe Alfred Boivin\" \/>\n<meta property=\"article:publisher\" content=\"https:\/\/www.facebook.com\/groupealfredboivin\" \/>\n<meta property=\"article:modified_time\" content=\"2024-04-19T18:05:24+00:00\" \/>\n<meta name=\"twitter:card\" content=\"summary_large_image\" \/>\n<meta name=\"twitter:title\" content=\"TRANSPORT SANITAIRE FORTIN\" \/>\n<meta name=\"twitter:label1\" content=\"Dur\u00e9e de lecture estim\u00e9e\" \/>\n\t<meta name=\"twitter:data1\" content=\"4 minutes\" \/>\n<script type=\"application\/ld+json\" class=\"yoast-schema-graph\">{\"@context\":\"https:\/\/schema.org\",\"@graph\":[{\"@type\":\"WebPage\",\"@id\":\"https:\/\/www.alfredboivin.com\/wordpress\/index.php\/location-de-bennes\/\",\"url\":\"https:\/\/www.alfredboivin.com\/wordpress\/index.php\/location-de-bennes\/\",\"name\":\"Location de bennes au Saguenay\u2013Lac-St-Jean - Groupe Alfred Boivin\",\"isPartOf\":{\"@id\":\"https:\/\/www.alfredboivin.com\/wordpress\/#website\"},\"datePublished\":\"2020-08-13T15:36:39+00:00\",\"dateModified\":\"2024-04-19T18:05:24+00:00\",\"description\":\"Nous sommes LA r\u00e9f\u00e9rence pour tous vos besoins en location de bennes et conteneurs pour l'entreposage de vos de rebuts!\",\"breadcrumb\":{\"@id\":\"https:\/\/www.alfredboivin.com\/wordpress\/index.php\/location-de-bennes\/#breadcrumb\"},\"inLanguage\":\"fr-FR\",\"potentialAction\":[{\"@type\":\"ReadAction\",\"target\":[\"https:\/\/www.alfredboivin.com\/wordpress\/index.php\/location-de-bennes\/\"]}]},{\"@type\":\"BreadcrumbList\",\"@id\":\"https:\/\/www.alfredboivin.com\/wordpress\/index.php\/location-de-bennes\/#breadcrumb\",\"itemListElement\":[{\"@type\":\"ListItem\",\"position\":1,\"name\":\"Accueil\",\"item\":\"https:\/\/www.alfredboivin.com\/wordpress\/index.php\/home\/\"},{\"@type\":\"ListItem\",\"position\":2,\"name\":\"TRANSPORT SANITAIRE FORTIN\"}]},{\"@type\":\"WebSite\",\"@id\":\"https:\/\/www.alfredboivin.com\/wordpress\/#website\",\"url\":\"https:\/\/www.alfredboivin.com\/wordpress\/\",\"name\":\"Groupe Alfred Boivin\",\"description\":\"B\u00e2tir l&#039;avenir autrement!\",\"publisher\":{\"@id\":\"https:\/\/www.alfredboivin.com\/wordpress\/#organization\"},\"potentialAction\":[{\"@type\":\"SearchAction\",\"target\":{\"@type\":\"EntryPoint\",\"urlTemplate\":\"https:\/\/www.alfredboivin.com\/wordpress\/?s={search_term_string}\"},\"query-input\":{\"@type\":\"PropertyValueSpecification\",\"valueRequired\":true,\"valueName\":\"search_term_string\"}}],\"inLanguage\":\"fr-FR\"},{\"@type\":\"Organization\",\"@id\":\"https:\/\/www.alfredboivin.com\/wordpress\/#organization\",\"name\":\"Groupe Alfred Boivin\",\"url\":\"https:\/\/www.alfredboivin.com\/wordpress\/\",\"logo\":{\"@type\":\"ImageObject\",\"inLanguage\":\"fr-FR\",\"@id\":\"https:\/\/www.alfredboivin.com\/wordpress\/#\/schema\/logo\/image\/\",\"url\":\"https:\/\/www.alfredboivin.com\/wordpress\/wp-content\/uploads\/2018\/09\/Groupe-Alfred-Boivin.png\",\"contentUrl\":\"https:\/\/www.alfredboivin.com\/wordpress\/wp-content\/uploads\/2018\/09\/Groupe-Alfred-Boivin.png\",\"width\":500,\"height\":350,\"caption\":\"Groupe Alfred Boivin\"},\"image\":{\"@id\":\"https:\/\/www.alfredboivin.com\/wordpress\/#\/schema\/logo\/image\/\"},\"sameAs\":[\"https:\/\/www.facebook.com\/groupealfredboivin\",\"https:\/\/www.instagram.com\/groupealfredboivin\/\"],\"description\":\"Le Groupe Alfred Boivin se sp\u00e9cialise dans la location de bennes, le transport en tout genres, le g\u00e9nie civil, la gestion de parc \u00e0 r\u00e9sidus miniers ainsi que la r\u00e9cup\u00e9ration de m\u00e9taux partout au Saguenay\u2013Lac-St-Jean.\",\"email\":\"eab@alfredboivin.com\",\"foundingDate\":\"194701-01-01\",\"numberOfEmployees\":{\"@type\":\"QuantitativeValue\",\"minValue\":\"201\",\"maxValue\":\"500\"}}]}<\/script>\n<!-- \/ Yoast SEO Premium plugin. -->","yoast_head_json":{"title":"Location de bennes au Saguenay\u2013Lac-St-Jean - Groupe Alfred Boivin","description":"Nous sommes LA r\u00e9f\u00e9rence pour tous vos besoins en location de bennes et conteneurs pour l'entreposage de vos de rebuts!","robots":{"index":"index","follow":"follow","max-snippet":"max-snippet:-1","max-image-preview":"max-image-preview:large","max-video-preview":"max-video-preview:-1"},"canonical":"https:\/\/www.alfredboivin.com\/wordpress\/index.php\/location-de-bennes\/","og_locale":"fr_FR","og_type":"article","og_title":"Transport Sanitaire Fortin","og_description":"Nous sommes LA r\u00e9f\u00e9rence pour tous vos besoins en location de bennes et conteneurs pour l'entreposage de vos de rebuts!","og_url":"https:\/\/www.alfredboivin.com\/wordpress\/index.php\/location-de-bennes\/","og_site_name":"Groupe Alfred Boivin","article_publisher":"https:\/\/www.facebook.com\/groupealfredboivin","article_modified_time":"2024-04-19T18:05:24+00:00","twitter_card":"summary_large_image","twitter_title":"TRANSPORT SANITAIRE FORTIN","twitter_misc":{"Dur\u00e9e de lecture estim\u00e9e":"4 minutes"},"schema":{"@context":"https:\/\/schema.org","@graph":[{"@type":"WebPage","@id":"https:\/\/www.alfredboivin.com\/wordpress\/index.php\/location-de-bennes\/","url":"https:\/\/www.alfredboivin.com\/wordpress\/index.php\/location-de-bennes\/","name":"Location de bennes au Saguenay\u2013Lac-St-Jean - Groupe Alfred Boivin","isPartOf":{"@id":"https:\/\/www.alfredboivin.com\/wordpress\/#website"},"datePublished":"2020-08-13T15:36:39+00:00","dateModified":"2024-04-19T18:05:24+00:00","description":"Nous sommes LA r\u00e9f\u00e9rence pour tous vos besoins en location de bennes et conteneurs pour l'entreposage de vos de rebuts!","breadcrumb":{"@id":"https:\/\/www.alfredboivin.com\/wordpress\/index.php\/location-de-bennes\/#breadcrumb"},"inLanguage":"fr-FR","potentialAction":[{"@type":"ReadAction","target":["https:\/\/www.alfredboivin.com\/wordpress\/index.php\/location-de-bennes\/"]}]},{"@type":"BreadcrumbList","@id":"https:\/\/www.alfredboivin.com\/wordpress\/index.php\/location-de-bennes\/#breadcrumb","itemListElement":[{"@type":"ListItem","position":1,"name":"Accueil","item":"https:\/\/www.alfredboivin.com\/wordpress\/index.php\/home\/"},{"@type":"ListItem","position":2,"name":"TRANSPORT SANITAIRE FORTIN"}]},{"@type":"WebSite","@id":"https:\/\/www.alfredboivin.com\/wordpress\/#website","url":"https:\/\/www.alfredboivin.com\/wordpress\/","name":"Groupe Alfred Boivin","description":"B\u00e2tir l&#039;avenir autrement!","publisher":{"@id":"https:\/\/www.alfredboivin.com\/wordpress\/#organization"},"potentialAction":[{"@type":"SearchAction","target":{"@type":"EntryPoint","urlTemplate":"https:\/\/www.alfredboivin.com\/wordpress\/?s={search_term_string}"},"query-input":{"@type":"PropertyValueSpecification","valueRequired":true,"valueName":"search_term_string"}}],"inLanguage":"fr-FR"},{"@type":"Organization","@id":"https:\/\/www.alfredboivin.com\/wordpress\/#organization","name":"Groupe Alfred Boivin","url":"https:\/\/www.alfredboivin.com\/wordpress\/","logo":{"@type":"ImageObject","inLanguage":"fr-FR","@id":"https:\/\/www.alfredboivin.com\/wordpress\/#\/schema\/logo\/image\/","url":"https:\/\/www.alfredboivin.com\/wordpress\/wp-content\/uploads\/2018\/09\/Groupe-Alfred-Boivin.png","contentUrl":"https:\/\/www.alfredboivin.com\/wordpress\/wp-content\/uploads\/2018\/09\/Groupe-Alfred-Boivin.png","width":500,"height":350,"caption":"Groupe Alfred Boivin"},"image":{"@id":"https:\/\/www.alfredboivin.com\/wordpress\/#\/schema\/logo\/image\/"},"sameAs":["https:\/\/www.facebook.com\/groupealfredboivin","https:\/\/www.instagram.com\/groupealfredboivin\/"],"description":"Le Groupe Alfred Boivin se sp\u00e9cialise dans la location de bennes, le transport en tout genres, le g\u00e9nie civil, la gestion de parc \u00e0 r\u00e9sidus miniers ainsi que la r\u00e9cup\u00e9ration de m\u00e9taux partout au Saguenay\u2013Lac-St-Jean.","email":"eab@alfredboivin.com","foundingDate":"194701-01-01","numberOfEmployees":{"@type":"QuantitativeValue","minValue":"201","maxValue":"500"}}]}},"_links":{"self":[{"href":"https:\/\/www.alfredboivin.com\/wordpress\/index.php\/wp-json\/wp\/v2\/pages\/1368","targetHints":{"allow":["GET"]}}],"collection":[{"href":"https:\/\/www.alfredboivin.com\/wordpress\/index.php\/wp-json\/wp\/v2\/pages"}],"about":[{"href":"https:\/\/www.alfredboivin.com\/wordpress\/index.php\/wp-json\/wp\/v2\/types\/page"}],"author":[{"embeddable":true,"href":"https:\/\/www.alfredboivin.com\/wordpress\/index.php\/wp-json\/wp\/v2\/users\/1"}],"replies":[{"embeddable":true,"href":"https:\/\/www.alfredboivin.com\/wordpress\/index.php\/wp-json\/wp\/v2\/comments?post=1368"}],"version-history":[{"count":27,"href":"https:\/\/www.alfredboivin.com\/wordpress\/index.php\/wp-json\/wp\/v2\/pages\/1368\/revisions"}],"predecessor-version":[{"id":8226,"href":"https:\/\/www.alfredboivin.com\/wordpress\/index.php\/wp-json\/wp\/v2\/pages\/1368\/revisions\/8226"}],"wp:attachment":[{"href":"https:\/\/www.alfredboivin.com\/wordpress\/index.php\/wp-json\/wp\/v2\/media?parent=1368"}],"curies":[{"name":"wp","href":"https:\/\/api.w.org\/{rel}","templated":true}]}}