{"id":1211,"date":"2019-10-22T09:23:51","date_gmt":"2019-10-22T13:23:51","guid":{"rendered":"https:\/\/alfredboivin.com\/wordpress\/?page_id=1211"},"modified":"2025-11-24T21:18:36","modified_gmt":"2025-11-25T02:18:36","slug":"presse","status":"publish","type":"page","link":"https:\/\/www.alfredboivin.com\/wordpress\/index.php\/presse\/","title":{"rendered":"Presse"},"content":{"rendered":"<div class=\"flex_column av_one_full  flex_column_div av-zero-column-padding first  \" style='border-radius:0px; '><p><div style='padding-bottom:0px; ' class='av-special-heading av-special-heading-h2  blockquote modern-quote modern-centered  '><h2 class='av-special-heading-tag '  itemprop=\"headline\"  >PRESSE<\/h2><div class='special-heading-border'><div class='special-heading-inner-border' ><\/div><\/div><\/div><br \/>\n<div style=' margin-top:5px; margin-bottom:35px;'  class='hr hr-custom hr-center hr-icon-no  '><span class='hr-inner   inner-border-av-border-fat' style=' width:50px; border-color:#af0000;' ><span class='hr-inner-style'><\/span><\/span><\/div><\/p><\/div>\n<div class=\"flex_column av_two_fifth  flex_column_div av-zero-column-padding first  \" style='border-radius:0px; '><p><div style='padding-bottom:0px; ' class='av-special-heading av-special-heading-h3  blockquote modern-quote modern-centered   '><h3 class='av-special-heading-tag '  itemprop=\"headline\"  >PHOTOS LIBRES DE DROIT<\/h3><div class='special-heading-border'><div class='special-heading-inner-border' ><\/div><\/div><\/div><br \/>\n<div style=' margin-top:5px; margin-bottom:35px;'  class='hr hr-custom hr-center hr-icon-no  '><span class='hr-inner   inner-border-av-border-fat' style=' width:50px; border-color:#af0000;' ><span class='hr-inner-style'><\/span><\/span><\/div><br \/>\n<div class='avia-gallery  avia-gallery-1 avia_lazyload avia_animate_when_visible '  itemprop=\"ImageObject\" itemscope=\"itemscope\" itemtype=\"https:\/\/schema.org\/ImageObject\" ><div class='avia-gallery-thumb'> <a href='https:\/\/www.alfredboivin.com\/wordpress\/wp-content\/uploads\/2025\/11\/Actionnaires-Groupe-Alfred-Boivin-1030x651.jpeg' data-rel='gallery-1' data-prev-img='https:\/\/www.alfredboivin.com\/wordpress\/wp-content\/uploads\/2025\/11\/Actionnaires-Groupe-Alfred-Boivin-495x400.jpeg' class='first_thumb lightbox ' data-onclick='1' title=''  itemprop=\"thumbnailUrl\" ><img  src='https:\/\/www.alfredboivin.com\/wordpress\/wp-content\/uploads\/2025\/11\/Actionnaires-Groupe-Alfred-Boivin-300x190.jpeg' width='300' height='190'  title='Actionnaires Groupe Alfred Boivin' alt='' \/><\/a> <a href='https:\/\/www.alfredboivin.com\/wordpress\/wp-content\/uploads\/2023\/05\/ACQ.jpg' data-rel='gallery-1' data-prev-img='https:\/\/www.alfredboivin.com\/wordpress\/wp-content\/uploads\/2023\/05\/ACQ-495x400.jpg' class='first_thumb lightbox ' data-onclick='2' title=''  itemprop=\"thumbnailUrl\" ><img  src='https:\/\/www.alfredboivin.com\/wordpress\/wp-content\/uploads\/2023\/05\/ACQ-300x197.jpg' width='300' height='197'  title='ACQ' alt='' \/><\/a> <a href='https:\/\/www.alfredboivin.com\/wordpress\/wp-content\/uploads\/2023\/05\/20230509_092626-487x1030.jpg' data-rel='gallery-1' data-prev-img='https:\/\/www.alfredboivin.com\/wordpress\/wp-content\/uploads\/2023\/05\/20230509_092626-495x400.jpg' class='first_thumb lightbox ' data-onclick='3' title=''  itemprop=\"thumbnailUrl\" ><img  src='https:\/\/www.alfredboivin.com\/wordpress\/wp-content\/uploads\/2023\/05\/20230509_092626-142x300.jpg' width='142' height='300'  title='20230509_092626' alt='' \/><\/a> <a href='https:\/\/www.alfredboivin.com\/wordpress\/wp-content\/uploads\/2022\/03\/20220315_095506.jpg' data-rel='gallery-1' data-prev-img='https:\/\/www.alfredboivin.com\/wordpress\/wp-content\/uploads\/2022\/03\/20220315_095506.jpg' class='first_thumb lightbox ' data-onclick='4' title=''  itemprop=\"thumbnailUrl\" ><img  src='https:\/\/www.alfredboivin.com\/wordpress\/wp-content\/uploads\/2022\/03\/20220315_095506.jpg' width='300' height='169'  title='20220315_095506' alt='' \/><\/a> <a href='https:\/\/www.alfredboivin.com\/wordpress\/wp-content\/uploads\/2022\/03\/20220315_095404.jpg' data-rel='gallery-1' data-prev-img='https:\/\/www.alfredboivin.com\/wordpress\/wp-content\/uploads\/2022\/03\/20220315_095404.jpg' class='first_thumb lightbox ' data-onclick='5' title=''  itemprop=\"thumbnailUrl\" ><img  src='https:\/\/www.alfredboivin.com\/wordpress\/wp-content\/uploads\/2022\/03\/20220315_095404.jpg' width='300' height='169'  title='20220315_095404' alt='' \/><\/a> <a href='https:\/\/www.alfredboivin.com\/wordpress\/wp-content\/uploads\/2022\/03\/20220315_095548.jpg' data-rel='gallery-1' data-prev-img='https:\/\/www.alfredboivin.com\/wordpress\/wp-content\/uploads\/2022\/03\/20220315_095548.jpg' class='first_thumb lightbox ' data-onclick='6' title=''  itemprop=\"thumbnailUrl\" ><img  src='https:\/\/www.alfredboivin.com\/wordpress\/wp-content\/uploads\/2022\/03\/20220315_095548.jpg' width='300' height='169'  title='20220315_095548' alt='' \/><\/a> <a href='https:\/\/www.alfredboivin.com\/wordpress\/wp-content\/uploads\/2022\/02\/DJI_0109.jpg' data-rel='gallery-1' data-prev-img='https:\/\/www.alfredboivin.com\/wordpress\/wp-content\/uploads\/2022\/02\/DJI_0109.jpg' class='first_thumb lightbox ' data-onclick='7' title=''  itemprop=\"thumbnailUrl\" ><img  src='https:\/\/www.alfredboivin.com\/wordpress\/wp-content\/uploads\/2022\/02\/DJI_0109.jpg' width='300' height='169'  title='DJI_0109' alt='' \/><\/a> <a href='https:\/\/www.alfredboivin.com\/wordpress\/wp-content\/uploads\/2022\/02\/20210518_110559.jpg' data-rel='gallery-1' data-prev-img='https:\/\/www.alfredboivin.com\/wordpress\/wp-content\/uploads\/2022\/02\/20210518_110559.jpg' class='first_thumb lightbox ' data-onclick='8' title=''  itemprop=\"thumbnailUrl\" ><img  src='https:\/\/www.alfredboivin.com\/wordpress\/wp-content\/uploads\/2022\/02\/20210518_110559.jpg' width='300' height='225'  title='20210518_110559' alt='' \/><\/a> <a href='https:\/\/www.alfredboivin.com\/wordpress\/wp-content\/uploads\/2021\/07\/Dubuc4-1.jpg' data-rel='gallery-1' data-prev-img='https:\/\/www.alfredboivin.com\/wordpress\/wp-content\/uploads\/2021\/07\/Dubuc4-1.jpg' class='first_thumb lightbox ' data-onclick='9' title=''  itemprop=\"thumbnailUrl\" ><img  src='https:\/\/www.alfredboivin.com\/wordpress\/wp-content\/uploads\/2021\/07\/Dubuc4-1.jpg' width='300' height='225'  title='Dubuc4 (1)' alt='' \/><\/a> <a href='https:\/\/www.alfredboivin.com\/wordpress\/wp-content\/uploads\/2021\/07\/Dubuc2.jpg' data-rel='gallery-1' data-prev-img='https:\/\/www.alfredboivin.com\/wordpress\/wp-content\/uploads\/2021\/07\/Dubuc2.jpg' class='first_thumb lightbox ' data-onclick='10' title=''  itemprop=\"thumbnailUrl\" ><img  src='https:\/\/www.alfredboivin.com\/wordpress\/wp-content\/uploads\/2021\/07\/Dubuc2.jpg' width='300' height='225'  title='Dubuc2' alt='' \/><\/a> <a href='https:\/\/www.alfredboivin.com\/wordpress\/wp-content\/uploads\/2021\/02\/20190828_113332-01.jpeg' data-rel='gallery-1' data-prev-img='https:\/\/www.alfredboivin.com\/wordpress\/wp-content\/uploads\/2021\/02\/20190828_113332-01.jpeg' class='first_thumb lightbox ' data-onclick='11' title=''  itemprop=\"thumbnailUrl\" ><img  src='https:\/\/www.alfredboivin.com\/wordpress\/wp-content\/uploads\/2021\/02\/20190828_113332-01.jpeg' width='300' height='150'  title='20190828_113332-01' alt='' \/><\/a> <a href='https:\/\/www.alfredboivin.com\/wordpress\/wp-content\/uploads\/2021\/02\/Remorque-a-rideaux-1.jpg' data-rel='gallery-1' data-prev-img='https:\/\/www.alfredboivin.com\/wordpress\/wp-content\/uploads\/2021\/02\/Remorque-a-rideaux-1.jpg' class='first_thumb lightbox ' data-onclick='12' title=''  itemprop=\"thumbnailUrl\" ><img  src='https:\/\/www.alfredboivin.com\/wordpress\/wp-content\/uploads\/2021\/02\/Remorque-a-rideaux-1.jpg' width='300' height='225'  title='Remorque \u00e0 rideaux' alt='' \/><\/a> <a href='https:\/\/www.alfredboivin.com\/wordpress\/wp-content\/uploads\/2021\/02\/20201009_084355.jpg' data-rel='gallery-1' data-prev-img='https:\/\/www.alfredboivin.com\/wordpress\/wp-content\/uploads\/2021\/02\/20201009_084355.jpg' class='first_thumb lightbox ' data-onclick='13' title=''  itemprop=\"thumbnailUrl\" ><img  src='https:\/\/www.alfredboivin.com\/wordpress\/wp-content\/uploads\/2021\/02\/20201009_084355.jpg' width='300' height='142'  title='20201009_084355' alt='' \/><\/a> <a href='https:\/\/www.alfredboivin.com\/wordpress\/wp-content\/uploads\/2021\/01\/20200915_162621.jpg' data-rel='gallery-1' data-prev-img='https:\/\/www.alfredboivin.com\/wordpress\/wp-content\/uploads\/2021\/01\/20200915_162621.jpg' class='first_thumb lightbox ' data-onclick='14' title=''  itemprop=\"thumbnailUrl\" ><img  src='https:\/\/www.alfredboivin.com\/wordpress\/wp-content\/uploads\/2021\/01\/20200915_162621.jpg' width='300' height='101'  title='20200915_162621' alt='' \/><\/a> <a href='https:\/\/www.alfredboivin.com\/wordpress\/wp-content\/uploads\/2019\/10\/IMG_5445.jpg' data-rel='gallery-1' data-prev-img='https:\/\/www.alfredboivin.com\/wordpress\/wp-content\/uploads\/2019\/10\/IMG_5445.jpg' class='first_thumb lightbox ' data-onclick='15' title=''  itemprop=\"thumbnailUrl\" ><img  src='https:\/\/www.alfredboivin.com\/wordpress\/wp-content\/uploads\/2019\/10\/IMG_5445.jpg' width='300' height='225'  title='IMG_5445' alt='' \/><\/a> <a href='https:\/\/www.alfredboivin.com\/wordpress\/wp-content\/uploads\/2019\/10\/Travaux-G\u00e9nie-Civil.jpg' data-rel='gallery-1' data-prev-img='https:\/\/www.alfredboivin.com\/wordpress\/wp-content\/uploads\/2019\/10\/Travaux-G\u00e9nie-Civil.jpg' class='first_thumb lightbox ' data-onclick='16' title=''  itemprop=\"thumbnailUrl\" ><img  src='https:\/\/www.alfredboivin.com\/wordpress\/wp-content\/uploads\/2019\/10\/Travaux-G\u00e9nie-Civil.jpg' width='300' height='225'  title='Travaux G\u00e9nie Civil' alt='' \/><\/a> <a href='https:\/\/www.alfredboivin.com\/wordpress\/wp-content\/uploads\/2022\/02\/DJI_0223.jpg' data-rel='gallery-1' data-prev-img='https:\/\/www.alfredboivin.com\/wordpress\/wp-content\/uploads\/2022\/02\/DJI_0223.jpg' class='first_thumb lightbox ' data-onclick='17' title=''  itemprop=\"thumbnailUrl\" ><img  src='https:\/\/www.alfredboivin.com\/wordpress\/wp-content\/uploads\/2022\/02\/DJI_0223.jpg' width='300' height='169'  title='DJI_0223' alt='' \/><\/a> <a href='https:\/\/www.alfredboivin.com\/wordpress\/wp-content\/uploads\/2019\/10\/20181002_141558.jpg' data-rel='gallery-1' data-prev-img='https:\/\/www.alfredboivin.com\/wordpress\/wp-content\/uploads\/2019\/10\/20181002_141558.jpg' class='first_thumb lightbox ' data-onclick='18' title=''  itemprop=\"thumbnailUrl\" ><img  src='https:\/\/www.alfredboivin.com\/wordpress\/wp-content\/uploads\/2019\/10\/20181002_141558.jpg' width='300' height='300'  title='20181002_141558' alt='' \/><\/a> <a href='https:\/\/www.alfredboivin.com\/wordpress\/wp-content\/uploads\/2019\/10\/crm1.jpg' data-rel='gallery-1' data-prev-img='https:\/\/www.alfredboivin.com\/wordpress\/wp-content\/uploads\/2019\/10\/crm1.jpg' class='first_thumb lightbox ' data-onclick='19' title=''  itemprop=\"thumbnailUrl\" ><img  src='https:\/\/www.alfredboivin.com\/wordpress\/wp-content\/uploads\/2019\/10\/crm1.jpg' width='300' height='150'  title='crm1' alt='' \/><\/a><\/div><\/div><\/p><\/div>\n<div class=\"flex_column av_three_fifth  flex_column_div av-zero-column-padding   \" style='border-radius:0px; '><p><div style='padding-bottom:0px; ' class='av-special-heading av-special-heading-h2  blockquote modern-quote modern-centered   '><h2 class='av-special-heading-tag '  itemprop=\"headline\"  >COMMUNIQU\u00c9S DE PRESSE<\/h2><div class='special-heading-border'><div class='special-heading-inner-border' ><\/div><\/div><\/div><br \/>\n<div class='av-alb-blogposts template-blog  '  itemscope=\"itemscope\" itemtype=\"https:\/\/schema.org\/Blog\" ><article class='post-entry post-entry-type-standard post-entry-10084 post-loop-1 post-parity-odd post-entry-last multi-big  post-10084 post type-post status-publish format-standard hentry category-communiques-de-presse'  itemscope=\"itemscope\" itemtype=\"https:\/\/schema.org\/BlogPosting\" ><div class='blog-meta'><a href='https:\/\/www.alfredboivin.com\/wordpress\/index.php\/author\/alfredbo\/' class='post-author-format-type'><span class='rounded-container'><img alt='alfredbo' src='https:\/\/secure.gravatar.com\/avatar\/26af62dcb59a1fbf8044c7d8173d40e10f0ab93d895afe389058b75ee0be903e?s=81&#038;d=blank&#038;r=g' srcset='https:\/\/secure.gravatar.com\/avatar\/26af62dcb59a1fbf8044c7d8173d40e10f0ab93d895afe389058b75ee0be903e?s=162&#038;d=blank&#038;r=g 2x' class='avatar avatar-81 photo' height='81' width='81' \/><span class=\"iconfont\" aria-hidden='true' data-av_icon='\ue836' data-av_iconfont='entypo-fontello'><\/span><\/span><\/a><\/div><div class='entry-content-wrapper clearfix standard-content'><header class=\"entry-content-header\"><div class=\"av-heading-wrapper\"><span class=\"blog-categories minor-meta\"><a href=\"https:\/\/www.alfredboivin.com\/wordpress\/index.php\/category\/communiques-de-presse\/\" rel=\"tag\">Communiqu\u00e9s de presse<\/a> <\/span><h2 class='post-title entry-title'  itemprop=\"headline\" >\t<a href='https:\/\/www.alfredboivin.com\/wordpress\/index.php\/2025\/11\/24\/10084\/' rel='bookmark' title='Lien permanent : NOUVEAUX ACTIONNAIRES POUR LE GROUPE ALFRED BOIVIN'>NOUVEAUX ACTIONNAIRES POUR LE GROUPE ALFRED BOIVIN\t\t\t<span class='post-format-icon minor-meta'><\/span>\t<\/a><\/h2><\/div><\/header><span class=\"av-vertical-delimiter\"><\/span><div class=\"entry-content\"  itemprop=\"text\" ><div class=\"read-more-link\"><a href=\"https:\/\/www.alfredboivin.com\/wordpress\/index.php\/2025\/11\/24\/10084\/\" class=\"more-link\">Lire la suite<span class=\"more-link-arrow\"><\/span><\/a><\/div>\n<\/div><span class='post-meta-infos'><time class='date-container minor-meta updated' >novembre 24, 2025<\/time><span class='text-sep text-sep-date'>\/<\/span><span class='comment-container minor-meta'><a href=\"https:\/\/www.alfredboivin.com\/wordpress\/index.php\/2025\/11\/24\/10084\/#respond\" class=\"comments-link\" >0 Commentaires<\/a><\/span><span class='text-sep text-sep-comment'>\/<\/span><span class=\"blog-author minor-meta\">par <span class=\"entry-author-link\" ><span class=\"vcard author\"><span class=\"fn\"><a href=\"https:\/\/www.alfredboivin.com\/wordpress\/index.php\/author\/alfredbo\/\" title=\"Articles par alfredbo\" rel=\"author\">alfredbo<\/a><\/span><\/span><\/span><\/span><\/span><footer class=\"entry-footer\"><\/footer><div class='post_delimiter'><\/div><\/div><div class='post_author_timeline'><\/div><span class='hidden'>\n\t\t\t<span class='av-structured-data'  itemprop=\"ImageObject\" itemscope=\"itemscope\" itemtype=\"https:\/\/schema.org\/ImageObject\"  itemprop='image'>\n\t\t\t\t\t   <span itemprop='url' >https:\/\/www.alfredboivin.com\/wordpress\/wp-content\/uploads\/2025\/11\/cropped-Groupe-Alfred-Boivin-300x300.png<\/span>\n\t\t\t\t\t   <span itemprop='height' >0<\/span>\n\t\t\t\t\t   <span itemprop='width' >0<\/span>\n\t\t\t\t  <\/span><span class='av-structured-data'  itemprop=\"publisher\" itemtype=\"https:\/\/schema.org\/Organization\" itemscope=\"itemscope\" >\n\t\t\t\t<span itemprop='name'>alfredbo<\/span>\n\t\t\t\t<span itemprop='logo' itemscope itemtype='http:\/\/schema.org\/ImageObject'>\n\t\t\t\t   <span itemprop='url'>https:\/\/www.alfredboivin.com\/wordpress\/wp-content\/uploads\/2025\/11\/cropped-Groupe-Alfred-Boivin-300x300.png<\/span>\n\t\t\t\t <\/span>\n\t\t\t  <\/span><span class='av-structured-data'  itemprop=\"author\" itemscope=\"itemscope\" itemtype=\"https:\/\/schema.org\/Person\" ><span itemprop='name'>alfredbo<\/span><\/span><span class='av-structured-data'  itemprop=\"datePublished\" datetime=\"2025-11-24T20:51:39-05:00\" >2025-11-24 20:51:39<\/span><span class='av-structured-data'  itemprop=\"dateModified\" itemtype=\"https:\/\/schema.org\/dateModified\" >2025-11-24 21:17:38<\/span><span class='av-structured-data'  itemprop=\"mainEntityOfPage\" itemtype=\"https:\/\/schema.org\/mainEntityOfPage\" ><span itemprop='name'>NOUVEAUX ACTIONNAIRES POUR LE GROUPE ALFRED BOIVIN<\/span><\/span><\/span><\/article><div class='multi-big'><\/div><\/div><br \/>\n<div style=' margin-top:5px; margin-bottom:35px;'  class='hr hr-custom hr-center hr-icon-no  '><span class='hr-inner   inner-border-av-border-fat' style=' width:50px; border-color:#af0000;' ><span class='hr-inner-style'><\/span><\/span><\/div><br \/>\n<div class='avia-gallery  avia-gallery-2 avia_lazyload avia_animate_when_visible '  itemprop=\"ImageObject\" itemscope=\"itemscope\" itemtype=\"https:\/\/schema.org\/ImageObject\" ><div class='avia-gallery-thumb'> <a href='https:\/\/www.alfredboivin.com\/wordpress\/wp-content\/uploads\/2023\/05\/COMMUNIQUE-DE-PRESSE-Prix-construire-2023-media_page-0001-796x1030.jpg' data-rel='gallery-2' data-prev-img='https:\/\/www.alfredboivin.com\/wordpress\/wp-content\/uploads\/2023\/05\/COMMUNIQUE-DE-PRESSE-Prix-construire-2023-media_page-0001-495x400.jpg' class='first_thumb lightbox ' data-onclick='1' title=''  itemprop=\"thumbnailUrl\" ><img  src='https:\/\/www.alfredboivin.com\/wordpress\/wp-content\/uploads\/2023\/05\/COMMUNIQUE-DE-PRESSE-Prix-construire-2023-media_page-0001-495x400.jpg' width='495' height='400'  title='COMMUNIQU\u00c9 DE PRESSE - Prix construire 2023 - media_page-0001' alt='' \/><\/a> <a href='https:\/\/www.alfredboivin.com\/wordpress\/wp-content\/uploads\/2022\/03\/be38c969_1.png' data-rel='gallery-2' data-prev-img='https:\/\/www.alfredboivin.com\/wordpress\/wp-content\/uploads\/2022\/03\/be38c969_1.png' class='first_thumb lightbox ' data-onclick='2' title=''  itemprop=\"thumbnailUrl\" ><img  src='https:\/\/www.alfredboivin.com\/wordpress\/wp-content\/uploads\/2022\/03\/be38c969_1.png' width='309' height='400'  title='be38c969_1' alt='' \/><\/a> <a href='https:\/\/www.alfredboivin.com\/wordpress\/wp-content\/uploads\/2021\/07\/COMMUNIQUe-DE-PRESSE-BY-_-internet1024_1.jpg' data-rel='gallery-2' data-prev-img='https:\/\/www.alfredboivin.com\/wordpress\/wp-content\/uploads\/2021\/07\/COMMUNIQUe-DE-PRESSE-BY-_-internet1024_1.jpg' class='first_thumb lightbox ' data-onclick='3' title=''  itemprop=\"thumbnailUrl\" ><img  src='https:\/\/www.alfredboivin.com\/wordpress\/wp-content\/uploads\/2021\/07\/COMMUNIQUe-DE-PRESSE-BY-_-internet1024_1.jpg' width='309' height='400'  title='COMMUNIQU+\u00eb DE PRESSE - BY _ internet1024_1' alt='' \/><\/a> <a href='https:\/\/www.alfredboivin.com\/wordpress\/wp-content\/uploads\/2019\/10\/0001-7-1.jpg' data-rel='gallery-2' data-prev-img='https:\/\/www.alfredboivin.com\/wordpress\/wp-content\/uploads\/2019\/10\/0001-7-1.jpg' class='first_thumb lightbox ' data-onclick='4' title=''  itemprop=\"thumbnailUrl\" ><img  src='https:\/\/www.alfredboivin.com\/wordpress\/wp-content\/uploads\/2019\/10\/0001-7-1.jpg' width='309' height='400'  title='0001 (7)' alt='' \/><\/a><\/div><\/div><br \/>\n<div style='padding-bottom:0px; ' class='av-special-heading av-special-heading-h2  blockquote modern-quote modern-centered   '><h2 class='av-special-heading-tag '  itemprop=\"headline\"  >ON PARLE DE NOUS<\/h2><div class='special-heading-border'><div class='special-heading-inner-border' ><\/div><\/div><\/div><br \/>\n<div style=' margin-top:5px; margin-bottom:35px;'  class='hr hr-custom hr-center hr-icon-no  '><span class='hr-inner   inner-border-av-border-fat' style=' width:50px; border-color:#af0000;' ><span class='hr-inner-style'><\/span><\/span><\/div><br \/>\n<section class=\"av_textblock_section \"  itemscope=\"itemscope\" itemtype=\"https:\/\/schema.org\/BlogPosting\" itemprop=\"blogPost\" ><div class='avia_textblock  av_inherit_color '  style='color:#b52626; '  itemprop=\"text\" ><p><strong>Le Quotidien<\/strong><\/p>\n<ul>\n<li><a href=\"https:\/\/www.lequotidien.com\/actualites\/actualites-locales\/2024\/08\/29\/cegep-de-chicoutimi-nouvelle-residence-etudiante-au-complexe-bon-pasteur-ZTNOL2OZORCUDM2ZTXNP3YY2TQ\/\" target=\"_blank\" rel=\"noopener\">C\u00e9gep de Chicoutimi: nouvelle r\u00e9sidence \u00e9tudiante au Complexe Bon-Pasteur<\/a><\/li>\n<li><a href=\"https:\/\/www.lequotidien.com\/actualites\/actualites-locales\/2024\/02\/12\/la-17e-campagne-de-financement-des-clowns-therapeutiques-est-lancee-DM75NT7PJVDODGTQVA36XDM2SY\/\" target=\"_blank\" rel=\"noopener\">La 17e campagne de financement des Clowns th\u00e9rapeutiques est lanc\u00e9e<\/a><\/li>\n<li><a href=\"https:\/\/www.lequotidien.com\/actualites\/2023\/05\/15\/inauguration-de-la-garderie-en-entreprise-du-groupe-alfred-boivin-2EUQJE6K3BA3LP36NC2V5MCY3I\/\" target=\"_blank\" rel=\"noopener\">Inauguration de la garderie en entreprise du Groupe Alfred Boivin<\/a><\/li>\n<li><a href=\"https:\/\/www.lequotidien.com\/2022\/07\/14\/plus-de-places-grace-aux-services-de-garde-en-communaute-50b4e08fe2f883fbd32271c6e9e50ab8\" target=\"_blank\" rel=\"noopener\">Plus de places gr\u00e2ce aux services de garde en communaut\u00e9<\/a><\/li>\n<li><a href=\"https:\/\/www.lequotidien.com\/2022\/06\/15\/le-festicam-de-saint-honore-leve-le-voile-sur-sa-programmation-6aa33395eb3af18806d5faa39687c852\" target=\"_blank\" rel=\"noopener\">Le Festicam de St-Honor\u00e9 l\u00e8ve le voile sur sa programmation<\/a><\/li>\n<li><a href=\"https:\/\/www.lequotidien.com\/2022\/03\/15\/une-nouvelle-scene-mobile-pour-les-festivals-de-la-region-f42fde11f762f60197ad7015e9fc7c81\" target=\"_blank\" rel=\"noopener\">Une nouvelle sc\u00e8ne mobile pour les festivals de la r\u00e9gion<\/a><\/li>\n<li><a href=\"https:\/\/www.lequotidien.com\/2021\/11\/08\/la-periode-de-mises-en-candidature-pour-le-gala-des-dubuc-lancee-a71c9b82c86395f2bb9264cd7e75cd55\" target=\"_blank\" rel=\"noopener\">La p\u00e9riode de mises en candidature pour le Gala des Dubuc lanc\u00e9e<\/a><\/li>\n<li><span style=\"color: #820303;\"><a style=\"color: #820303;\" href=\"https:\/\/www.lequotidien.com\/affaires\/gala-des-dubuc-le-groupe-alfred-boivin-sacre-entreprise-de-lannee-e7f995fee70d008f7e17f6d27cee5e68\" target=\"_blank\" rel=\"noopener\">Gala des Dubuc: le Groupe Alfred Boivin sacr\u00e9 Entreprise de l&rsquo;ann\u00e9e<\/a><\/span><\/li>\n<li><a href=\"https:\/\/www.lequotidien.com\/affaires\/le-gala-des-dubuc-devoile-ses-finalistes-5a505febbb323018b5933ce09e060981?fbclid=IwAR2kMi-DZ57U4Uw0wFTrJCVnAk9JMDCT_gidI7vzJaVDZx2bHmk7n0rbojw\" target=\"_blank\" rel=\"noopener\">Le Gala des Dubuc d\u00e9voile ses finalistes<\/a><\/li>\n<li><span style=\"color: #870707;\"><a style=\"color: #870707;\" href=\"https:\/\/www.lequotidien.com\/actualites\/un-contrat-de-741-m-pour-groupe-alfred-boivin-f5ab46cec433ccf2b528283fbe0b031e\" target=\"_blank\" rel=\"noopener\">Un contrat de 74$M pour le Groupe Alfred Boivin<\/a>\u00a0<\/span><\/li>\n<li><span style=\"color: #940404;\"><a style=\"color: #940404;\" href=\"https:\/\/www.lequotidien.com\/actualites\/objectif-octobre-2020-pour-le-projet-deoliennes-belle-riviere-f89a44743eb2debfe6d23d2a4a665599\">Objectif octobre 2020 pour le projet d&rsquo;\u00e9oliennes Belle-Rivi\u00e8re<\/a><\/span><\/li>\n<li><a href=\"https:\/\/www.lequotidien.com\/actualites\/trois-nouveaux-arrivants-chez-alfred-boivin-8e1316e637f8c44618a268003e1ccd39?fbclid=IwAR02N6lum3dvlDQjU3IF6bbeMvNJ2-iorkJGkDWqcBnWT4B2lMy7QFR-_0o\" target=\"_blank\" rel=\"noopener\"><span style=\"color: #8f0707;\">Trois<\/span> <span style=\"color: #8f0707;\">nouveaux arrivants chez Alfred Boivin<\/span><\/a><\/li>\n<li><span style=\"color: #8f0707;\"><a style=\"color: #8f0707;\" href=\"https:\/\/www.lequotidien.com\/actualites\/la-cnesst-couronne-ses-laureats-a589758821c6072202c3d2ef2926f839?utm_source=dlvr.it&amp;utm_medium=facebook&amp;fbclid=IwAR3nKlN7zO6XV9vdrXqkNzs7H-g54bS1hI7T4_Ua1BxywQnT02vdWIWvrME\">La CNESST couronne ses gagnants<\/a><\/span><\/li>\n<\/ul>\n<p><strong>Le Lac-St-Jean<\/strong><\/p>\n<ul>\n<li><a href=\"https:\/\/lelacstjean.com\/economie\/groupe-alfred-boivin\/\" target=\"_blank\" rel=\"noopener\">Groupe Alfred Boivin \u2013 75 ans de famille<\/a><\/li>\n<\/ul>\n<p><strong>Le Journal de Qu\u00e9bec<\/strong><\/p>\n<ul>\n<li><a href=\"https:\/\/www.journaldequebec.com\/2022\/07\/13\/un-nouveau-concept-en-service-de-garde-a-saint-fulgence-1\">Un nouveau concept en service de garde \u00e0 St-Fulgence<\/a><\/li>\n<\/ul>\n<p><strong>Informe Affaires<\/strong><\/p>\n<ul>\n<li><a href=\"https:\/\/informeaffaires.com\/regional\/aluminium\/chantiers-ap60-de-rio-tinto-des-retombees-prevues-de-1-g\" target=\"_blank\" rel=\"noopener\">Chantiers AP60 de Rio Tinto: des retomb\u00e9es pr\u00e9vues de 1G $<\/a><\/li>\n<li><a href=\"https:\/\/informeaffaires.com\/regional\/ressources-humaines\/une-grande-famille-de-400-personnes\" target=\"_blank\" rel=\"noopener\">Une grande \u00ab\u00a0famille\u00a0\u00bb de 400 personnes<\/a><\/li>\n<li><a href=\"https:\/\/informeaffaires.com\/regional\/construction\/les-entreprises-alfred-boivin-acquierent-des-actifs-de-sabliere\" target=\"_blank\" rel=\"noopener\">Les Entreprises Alfred Boivin acqui\u00e8rent des actifs de Sabli\u00e8re BY<\/a><\/li>\n<li><a href=\"https:\/\/informeaffaires.com\/regional\/aluminium\/groupe-alfred-boivin-et-dynamic-concept-se-demarquent-chez-aluminerie-alouette\" target=\"_blank\" rel=\"noopener\">Groupe Alfred Boivin et Dynamic Concept se d\u00e9marquent chez Aluminerie Alouette<\/a><\/li>\n<li><a href=\"https:\/\/informeaffaires.com\/regional\/transport\/transition-energetique-la-bonne-energie-au-bon-endroit\" target=\"_blank\" rel=\"noopener\">Transition \u00e9nerg\u00e9tique &#8211; La bonne \u00e9nergie au bon endroit<\/a><\/li>\n<li><span style=\"color: #8f0707;\"><a style=\"color: #8f0707;\" href=\"https:\/\/informeaffaires.com\/regional\/energie\/dossier-gaz-naturel-un-immense-potentiel-pour-la-region\" target=\"_blank\" rel=\"noopener\">Dossier gaz naturel &#8211; Un potentiel immense pour la r\u00e9gion<\/a><\/span><\/li>\n<li><span style=\"color: #8f0707;\"><a style=\"color: #8f0707;\" href=\"https:\/\/informeaffaires.com\/regional\/reseautage\/gala-du-merite-economique-de-la-ccisf-devoilement-des-15-personnalitesfamilles?fbclid=IwAR0zLZbSd0MARPHjWI_svzBsl_CYLCy9w3UwWC76MRvCti1sgbWmvj8uarg\" target=\"_blank\" rel=\"noopener\">Gala du m\u00e9rite \u00e9conomique de la CCISF- D\u00e9voilement des 15 personnalit\u00e9s\/familles<\/a><\/span><\/li>\n<li><a href=\"https:\/\/informeaffaires.com\/regional\/mines-et-ressources-naturelles\/arianne-phosphate-un-deuxieme-groupe-asiatique-interesse-au\"><span style=\"color: #8f0707;\">Arianne phosphate &#8211; Un deuxi\u00e8me groupe asiatique int\u00e9ress\u00e9 au projet<\/span><\/a><\/li>\n<li><span style=\"color: #8f0707;\"><a style=\"color: #8f0707;\" href=\"https:\/\/informeaffaires.com\/regional\/reseautage\/le-mentorat-daffaires-une-cle-vers-la-reussite\">Le mentorat d&rsquo;affaires: une cl\u00e9 vers la r\u00e9ussite<\/a><\/span><\/li>\n<li><span style=\"color: #8f0707;\"><a style=\"color: #8f0707;\" href=\"https:\/\/informeaffaires.com\/regional\/construction\/alfred-boivin-decroche-un-contrat-de-3-m-a-riviere-eternite\">Alfred Boivin d\u00e9croche un contrat de 3 M$ \u00e0 Rivi\u00e8re-\u00c9ternit\u00e9<\/a><\/span><\/li>\n<\/ul>\n<p><strong>Les Affaires<\/strong><\/p>\n<ul>\n<li><a href=\"https:\/\/www.lesaffaires.com\/dossier\/special-grandes-entreprises\/le-classement-des-300-des-plus-grandes-entreprises-du-quebec-2022\/633381?oft_id=103373277&amp;oft_k=AGgixDhB&amp;oft_lk=gwW8v4&amp;oft_d=637897617016700000&amp;fpid=837487&amp;m32_fp_id=kewpZZ&amp;ctx=newsletter&amp;m32_fp_ctx=DI_MASTER_Relational&amp;fbclid=IwAR1_AaUTCKKYtm29kDl5eWETQMZhGdik2XvmRVP1Im0BnTWkFppC5DMA_ag\" target=\"_blank\" rel=\"noopener\">Le classement des 300 plus grandes entreprises du Qu\u00e9bec 2022<\/a><\/li>\n<li><span style=\"color: #8f0707;\"><a style=\"color: #8f0707;\" href=\"https:\/\/www.lesaffaires.com\/dossier\/les-300-pme-les-plus-perennes\/le-classement-des-300-pme-les-plus-perennes-du-quebec\/620728\" target=\"_blank\" rel=\"noopener\">Le classement des 300 PME les plus perennes du Qu\u00e9bec<\/a><\/span><\/li>\n<li><span style=\"color: #6e0101;\"><a style=\"color: #6e0101;\" href=\"https:\/\/www.lesaffaires.com\/classements\/les-300-plus-grandes-entreprises\/le-classement-des-300-des-plus-grandes-entreprises-du-quebec\/625212\" target=\"_blank\" rel=\"noopener\">Le classement des 300 plus grandes entreprises du Qu\u00e9bec<\/a><\/span><\/li>\n<\/ul>\n<p><strong>Radio-Canada<\/strong><\/p>\n<ul>\n<li><a href=\"https:\/\/ici.radio-canada.ca\/nouvelle\/2100773\/couvent-soeurs-bon-pasteur-mcjr\" target=\"_blank\" rel=\"noopener\">50 chambres additionnelles inaugur\u00e9es aux r\u00e9sidences du C\u00e9gep de Chicoutimi<\/a><\/li>\n<li><a href=\"https:\/\/ici.radio-canada.ca\/nouvelle\/1897982\/garderie-enfants-educatrice-places\">Un nouveau concept de service de garde voit le jour<\/a><\/li>\n<li><a href=\"https:\/\/ici.radio-canada.ca\/nouvelle\/1869306\/spectacles-remorque-festivals\" target=\"_blank\" rel=\"noopener\">Une sc\u00e8ne mobile lanc\u00e9e par le Groupe Alfred Boivin<\/a><\/li>\n<li><a href=\"https:\/\/ici.radio-canada.ca\/nouvelle\/1811795\/eolienne-saint-gedeon-chantier-belle-riviere?fbclid=IwAR3PjI0zzEvQMlCHSSn1k05ILhop7O4_arKkn7N_xu1wVNz0wbIl6FSdV4k\" target=\"_blank\" rel=\"noopener\">Le parc \u00e9olien Belle-Rivi\u00e8re \u00e9volue \u00e0 grands pas \u00e0 St-G\u00e9d\u00e9on<\/a><\/li>\n<li><a href=\"https:\/\/ici.radio-canada.ca\/nouvelle\/1792702\/chambre-commerce-saguenay-le-fjord?depuisRecherche=true\" target=\"_blank\" rel=\"noopener\">Le Groupe Alfred Boivin nomm\u00e9 entreprise de l&rsquo;ann\u00e9e au Gala des Dubuc<\/a><\/li>\n<li><span style=\"color: #8f0707;\"><a style=\"color: #8f0707;\" href=\"https:\/\/ici.radio-canada.ca\/nouvelle\/1766364\/economie-gnc-camions-energir\" target=\"_blank\" rel=\"noopener\">Un projet de vente de gaz naturel comprim\u00e9 \u00e0 Saguenay<\/a><\/span><\/li>\n<li><span style=\"color: #8f0707;\"><a style=\"color: #8f0707;\" href=\"https:\/\/ici.radio-canada.ca\/tele\/le-telejournal-saguenay\/site\/episodes\/508894\/episode-du-27-janvier-2021\" target=\"_blank\" rel=\"noopener\">Bulletin de nouvelles du mercredi 27 janvier<\/a> (\u00e0 18:30 minutes)<\/span><\/li>\n<\/ul>\n<p><strong>TVA\u00a0<\/strong><\/p>\n<ul>\n<li><a href=\"https:\/\/www.tvanouvelles.ca\/2021\/10\/18\/le-chantier-de-refection-de-la-route-389-avance-a-baie-comeau\" target=\"_blank\" rel=\"noopener\">Le chantier de r\u00e9fection de la route 389 avance \u00e0 Baie-Comeau<\/a><\/li>\n<li><span style=\"color: #8f0707;\"><a style=\"color: #8f0707;\" href=\"https:\/\/www.facebook.com\/watch\/?v=2554872474578582\" target=\"_blank\" rel=\"noopener\">Les Entreprises Alfred boivin d\u00e9crochent un contrat de 74 millions de dollars<\/a><\/span><\/li>\n<\/ul>\n<p><strong>CKAJ<\/strong><\/p>\n<ul>\n<li><a href=\"https:\/\/ckaj.org\/une-nouvelle-residence-etudiante-pour-le-cegep-de-chicoutimi\/\" target=\"_blank\" rel=\"noopener\">Une nouvelle r\u00e9sidence \u00e9tudiante pour le C\u00e9gep de Chicoutimi<\/a><\/li>\n<li><a href=\"https:\/\/ckaj.org\/grande-ouverture-pour-le-tout-nouveau-cpe-bc-des-lutins\/\" target=\"_blank\" rel=\"noopener\">Grande ouverture pour le tout nouveau CPE.BC des Lutins<\/a><\/li>\n<\/ul>\n<p><strong>Le R\u00e9veil<\/strong><\/p>\n<ul>\n<li><a href=\"https:\/\/www.lereveil.com\/actualites\/619998\/53-nouvelles-chambres-pour-les-etudiants-du-cegep-de-chicoutimi\">53 nouvelles chambres pour les \u00e9tudiants sur C\u00e9gep de Chicoutimi<\/a><\/li>\n<\/ul>\n<p><strong>N\u00e9om\u00e9dia<\/strong><\/p>\n<ul>\n<li><a href=\"https:\/\/www.neomedia.com\/saguenay-lac-st-jean\/actualites\/affaires\/467726\/penurie-de-main-duvre-les-travailleurs-experimentes-font-partie-de-la-solution\">P\u00e9nurie de main-d&rsquo;\u0153uvre: les travailleurs exp\u00e9riment\u00e9s font partie de la solution<\/a><\/li>\n<\/ul>\n<p><strong>iHeartRadio<\/strong><\/p>\n<ul>\n<li><a href=\"https:\/\/www.iheartradio.ca\/energie\/energie-saguenay\/nouvelles\/une-seconde-scene-mobile-au-saguenay-lac-saint-jean-1.17362645\" target=\"_blank\" rel=\"noopener\">Une seconde sc\u00e8ne mobile au Saguenay\u2013Lac-St-Jean<\/a><\/li>\n<\/ul>\n<p><strong>Le Manic<\/strong><\/p>\n<ul>\n<li><a href=\"https:\/\/www.lemanic.ca\/2022\/07\/04\/le-troncon-0-4-km-de-la-route-389-acheve\/\">Le tron\u00e7on 0-4 km de la route 389 ach\u00e8ve<\/a><\/li>\n<li><a href=\"https:\/\/www.lemanic.ca\/2021\/10\/21\/encore-un-an-dattente-pour-le-nouvel-acces-de-la-389\/\" target=\"_blank\" rel=\"noopener\">Encore un an d&rsquo;attente pour le nouvel acc\u00e8s de la 389<\/a><\/li>\n<li><a href=\"https:\/\/www.lemanic.ca\/2020\/11\/18\/bilan-de-lan-1-les-travaux-sont-bien-partis-sur-le-troncon-0-22-km-de-la-389\/\" target=\"_blank\" rel=\"noopener\"><span style=\"color: #8f0707;\">Bilan de l&rsquo;an 1: Les travaux sont bien partis sur le tron\u00e7on 0-22 km de la 389<\/span><\/a><\/li>\n<li><span style=\"color: #8f0707;\"><a style=\"color: #8f0707;\" href=\"https:\/\/www.lemanic.ca\/2020\/03\/03\/les-travaux-du-troncon-0-22-km-sur-le-point-de-samorcer-2\/\" target=\"_blank\" rel=\"noopener\">Les travaux du tron\u00e7on 0-22 km sur le point de s&rsquo;amorcer<\/a><\/span><\/li>\n<\/ul>\n<p><strong>Nous.tv<\/strong><\/p>\n<ul>\n<li><span style=\"color: #8f0707;\"><a style=\"color: #8f0707;\" href=\"https:\/\/nous.tv\/fr\/node\/246211?c=baie-comeau\" target=\"_blank\" rel=\"noopener\">Connect\u00e9 Baie-Comeau<\/a><\/span><\/li>\n<\/ul>\n<p><strong>Cision<\/strong><\/p>\n<ul>\n<li><span style=\"color: #8f0707;\"><a style=\"color: #8f0707;\" href=\"https:\/\/www.newswire.ca\/news-releases\/arianne-advances-transport-logisitics-for-its-lac-a-paul-phosphate-project-805157270.html\" target=\"_blank\" rel=\"noopener\">Arianne advances transport logistics for its Lac \u00e0 Paul phosphate project<\/a><\/span><\/li>\n<\/ul>\n<p><strong>Transport Routier<\/strong><\/p>\n<ul>\n<li><span style=\"color: #940404;\"><a style=\"color: #940404;\" href=\"https:\/\/www.transportroutier.ca\/nouvelles\/mack-ste-foy-concessionnaire-de-lannee-au-canada\/\">Mack Ste-Foy concessionnaire de l&rsquo;ann\u00e9e au Canada<\/a><\/span><\/li>\n<\/ul>\n<p><strong>Journal de Qu\u00e9bec<\/strong><\/p>\n<ul>\n<li><a href=\"https:\/\/www.journaldequebec.com\/2016\/06\/04\/6-projets-routiers-a-surveiller-cet-ete\"><span style=\"color: #940404;\">6 projets routiers \u00e0 surveiller cet \u00e9t\u00e9<\/span><\/a><\/li>\n<\/ul>\n<\/div><\/section><\/p><\/div><\/p>\n\n","protected":false},"excerpt":{"rendered":"","protected":false},"author":1,"featured_media":0,"parent":0,"menu_order":0,"comment_status":"closed","ping_status":"closed","template":"","meta":{"_exactmetrics_skip_tracking":false,"_exactmetrics_sitenote_active":false,"_exactmetrics_sitenote_note":"","_exactmetrics_sitenote_category":0,"footnotes":""},"class_list":["post-1211","page","type-page","status-publish","hentry"],"yoast_head":"<!-- This site is optimized with the Yoast SEO Premium plugin v26.8 (Yoast SEO v26.8) - https:\/\/yoast.com\/product\/yoast-seo-premium-wordpress\/ -->\n<title>Presse - Groupe Alfred Boivin<\/title>\n<meta name=\"description\" content=\"Le Groupe Alfred Boivin est impliqu\u00e9 dans son milieu. Nous sommes fiers de faire partie de projets qui contribuent au d\u00e9veloppement r\u00e9gional!\" \/>\n<meta name=\"robots\" content=\"index, follow, max-snippet:-1, max-image-preview:large, max-video-preview:-1\" \/>\n<link rel=\"canonical\" href=\"https:\/\/www.alfredboivin.com\/wordpress\/index.php\/presse\/\" \/>\n<meta property=\"og:locale\" content=\"fr_FR\" \/>\n<meta property=\"og:type\" content=\"article\" \/>\n<meta property=\"og:title\" content=\"Presse\" \/>\n<meta property=\"og:description\" content=\"Le Groupe Alfred Boivin est impliqu\u00e9 dans son milieu. Nous sommes fiers de faire partie de projets qui contribuent au d\u00e9veloppement r\u00e9gional!\" \/>\n<meta property=\"og:url\" content=\"https:\/\/www.alfredboivin.com\/wordpress\/index.php\/presse\/\" \/>\n<meta property=\"og:site_name\" content=\"Groupe Alfred Boivin\" \/>\n<meta property=\"article:publisher\" content=\"https:\/\/www.facebook.com\/groupealfredboivin\" \/>\n<meta property=\"article:modified_time\" content=\"2025-11-25T02:18:36+00:00\" \/>\n<meta name=\"twitter:card\" content=\"summary_large_image\" \/>\n<meta name=\"twitter:label1\" content=\"Dur\u00e9e de lecture estim\u00e9e\" \/>\n\t<meta name=\"twitter:data1\" content=\"5 minutes\" \/>\n<script type=\"application\/ld+json\" class=\"yoast-schema-graph\">{\"@context\":\"https:\/\/schema.org\",\"@graph\":[{\"@type\":\"WebPage\",\"@id\":\"https:\/\/www.alfredboivin.com\/wordpress\/index.php\/presse\/\",\"url\":\"https:\/\/www.alfredboivin.com\/wordpress\/index.php\/presse\/\",\"name\":\"Presse - Groupe Alfred Boivin\",\"isPartOf\":{\"@id\":\"https:\/\/www.alfredboivin.com\/wordpress\/#website\"},\"datePublished\":\"2019-10-22T13:23:51+00:00\",\"dateModified\":\"2025-11-25T02:18:36+00:00\",\"description\":\"Le Groupe Alfred Boivin est impliqu\u00e9 dans son milieu. Nous sommes fiers de faire partie de projets qui contribuent au d\u00e9veloppement r\u00e9gional!\",\"breadcrumb\":{\"@id\":\"https:\/\/www.alfredboivin.com\/wordpress\/index.php\/presse\/#breadcrumb\"},\"inLanguage\":\"fr-FR\",\"potentialAction\":[{\"@type\":\"ReadAction\",\"target\":[\"https:\/\/www.alfredboivin.com\/wordpress\/index.php\/presse\/\"]}]},{\"@type\":\"BreadcrumbList\",\"@id\":\"https:\/\/www.alfredboivin.com\/wordpress\/index.php\/presse\/#breadcrumb\",\"itemListElement\":[{\"@type\":\"ListItem\",\"position\":1,\"name\":\"Accueil\",\"item\":\"https:\/\/www.alfredboivin.com\/wordpress\/index.php\/home\/\"},{\"@type\":\"ListItem\",\"position\":2,\"name\":\"Presse\"}]},{\"@type\":\"WebSite\",\"@id\":\"https:\/\/www.alfredboivin.com\/wordpress\/#website\",\"url\":\"https:\/\/www.alfredboivin.com\/wordpress\/\",\"name\":\"Groupe Alfred Boivin\",\"description\":\"B\u00e2tir l&#039;avenir autrement!\",\"publisher\":{\"@id\":\"https:\/\/www.alfredboivin.com\/wordpress\/#organization\"},\"potentialAction\":[{\"@type\":\"SearchAction\",\"target\":{\"@type\":\"EntryPoint\",\"urlTemplate\":\"https:\/\/www.alfredboivin.com\/wordpress\/?s={search_term_string}\"},\"query-input\":{\"@type\":\"PropertyValueSpecification\",\"valueRequired\":true,\"valueName\":\"search_term_string\"}}],\"inLanguage\":\"fr-FR\"},{\"@type\":\"Organization\",\"@id\":\"https:\/\/www.alfredboivin.com\/wordpress\/#organization\",\"name\":\"Groupe Alfred Boivin\",\"url\":\"https:\/\/www.alfredboivin.com\/wordpress\/\",\"logo\":{\"@type\":\"ImageObject\",\"inLanguage\":\"fr-FR\",\"@id\":\"https:\/\/www.alfredboivin.com\/wordpress\/#\/schema\/logo\/image\/\",\"url\":\"https:\/\/www.alfredboivin.com\/wordpress\/wp-content\/uploads\/2018\/09\/Groupe-Alfred-Boivin.png\",\"contentUrl\":\"https:\/\/www.alfredboivin.com\/wordpress\/wp-content\/uploads\/2018\/09\/Groupe-Alfred-Boivin.png\",\"width\":500,\"height\":350,\"caption\":\"Groupe Alfred Boivin\"},\"image\":{\"@id\":\"https:\/\/www.alfredboivin.com\/wordpress\/#\/schema\/logo\/image\/\"},\"sameAs\":[\"https:\/\/www.facebook.com\/groupealfredboivin\",\"https:\/\/www.instagram.com\/groupealfredboivin\/\"],\"description\":\"Le Groupe Alfred Boivin se sp\u00e9cialise dans la location de bennes, le transport en tout genres, le g\u00e9nie civil, la gestion de parc \u00e0 r\u00e9sidus miniers ainsi que la r\u00e9cup\u00e9ration de m\u00e9taux partout au Saguenay\u2013Lac-St-Jean.\",\"email\":\"eab@alfredboivin.com\",\"foundingDate\":\"194701-01-01\",\"numberOfEmployees\":{\"@type\":\"QuantitativeValue\",\"minValue\":\"201\",\"maxValue\":\"500\"}}]}<\/script>\n<!-- \/ Yoast SEO Premium plugin. -->","yoast_head_json":{"title":"Presse - Groupe Alfred Boivin","description":"Le Groupe Alfred Boivin est impliqu\u00e9 dans son milieu. Nous sommes fiers de faire partie de projets qui contribuent au d\u00e9veloppement r\u00e9gional!","robots":{"index":"index","follow":"follow","max-snippet":"max-snippet:-1","max-image-preview":"max-image-preview:large","max-video-preview":"max-video-preview:-1"},"canonical":"https:\/\/www.alfredboivin.com\/wordpress\/index.php\/presse\/","og_locale":"fr_FR","og_type":"article","og_title":"Presse","og_description":"Le Groupe Alfred Boivin est impliqu\u00e9 dans son milieu. Nous sommes fiers de faire partie de projets qui contribuent au d\u00e9veloppement r\u00e9gional!","og_url":"https:\/\/www.alfredboivin.com\/wordpress\/index.php\/presse\/","og_site_name":"Groupe Alfred Boivin","article_publisher":"https:\/\/www.facebook.com\/groupealfredboivin","article_modified_time":"2025-11-25T02:18:36+00:00","twitter_card":"summary_large_image","twitter_misc":{"Dur\u00e9e de lecture estim\u00e9e":"5 minutes"},"schema":{"@context":"https:\/\/schema.org","@graph":[{"@type":"WebPage","@id":"https:\/\/www.alfredboivin.com\/wordpress\/index.php\/presse\/","url":"https:\/\/www.alfredboivin.com\/wordpress\/index.php\/presse\/","name":"Presse - Groupe Alfred Boivin","isPartOf":{"@id":"https:\/\/www.alfredboivin.com\/wordpress\/#website"},"datePublished":"2019-10-22T13:23:51+00:00","dateModified":"2025-11-25T02:18:36+00:00","description":"Le Groupe Alfred Boivin est impliqu\u00e9 dans son milieu. Nous sommes fiers de faire partie de projets qui contribuent au d\u00e9veloppement r\u00e9gional!","breadcrumb":{"@id":"https:\/\/www.alfredboivin.com\/wordpress\/index.php\/presse\/#breadcrumb"},"inLanguage":"fr-FR","potentialAction":[{"@type":"ReadAction","target":["https:\/\/www.alfredboivin.com\/wordpress\/index.php\/presse\/"]}]},{"@type":"BreadcrumbList","@id":"https:\/\/www.alfredboivin.com\/wordpress\/index.php\/presse\/#breadcrumb","itemListElement":[{"@type":"ListItem","position":1,"name":"Accueil","item":"https:\/\/www.alfredboivin.com\/wordpress\/index.php\/home\/"},{"@type":"ListItem","position":2,"name":"Presse"}]},{"@type":"WebSite","@id":"https:\/\/www.alfredboivin.com\/wordpress\/#website","url":"https:\/\/www.alfredboivin.com\/wordpress\/","name":"Groupe Alfred Boivin","description":"B\u00e2tir l&#039;avenir autrement!","publisher":{"@id":"https:\/\/www.alfredboivin.com\/wordpress\/#organization"},"potentialAction":[{"@type":"SearchAction","target":{"@type":"EntryPoint","urlTemplate":"https:\/\/www.alfredboivin.com\/wordpress\/?s={search_term_string}"},"query-input":{"@type":"PropertyValueSpecification","valueRequired":true,"valueName":"search_term_string"}}],"inLanguage":"fr-FR"},{"@type":"Organization","@id":"https:\/\/www.alfredboivin.com\/wordpress\/#organization","name":"Groupe Alfred Boivin","url":"https:\/\/www.alfredboivin.com\/wordpress\/","logo":{"@type":"ImageObject","inLanguage":"fr-FR","@id":"https:\/\/www.alfredboivin.com\/wordpress\/#\/schema\/logo\/image\/","url":"https:\/\/www.alfredboivin.com\/wordpress\/wp-content\/uploads\/2018\/09\/Groupe-Alfred-Boivin.png","contentUrl":"https:\/\/www.alfredboivin.com\/wordpress\/wp-content\/uploads\/2018\/09\/Groupe-Alfred-Boivin.png","width":500,"height":350,"caption":"Groupe Alfred Boivin"},"image":{"@id":"https:\/\/www.alfredboivin.com\/wordpress\/#\/schema\/logo\/image\/"},"sameAs":["https:\/\/www.facebook.com\/groupealfredboivin","https:\/\/www.instagram.com\/groupealfredboivin\/"],"description":"Le Groupe Alfred Boivin se sp\u00e9cialise dans la location de bennes, le transport en tout genres, le g\u00e9nie civil, la gestion de parc \u00e0 r\u00e9sidus miniers ainsi que la r\u00e9cup\u00e9ration de m\u00e9taux partout au Saguenay\u2013Lac-St-Jean.","email":"eab@alfredboivin.com","foundingDate":"194701-01-01","numberOfEmployees":{"@type":"QuantitativeValue","minValue":"201","maxValue":"500"}}]}},"_links":{"self":[{"href":"https:\/\/www.alfredboivin.com\/wordpress\/index.php\/wp-json\/wp\/v2\/pages\/1211","targetHints":{"allow":["GET"]}}],"collection":[{"href":"https:\/\/www.alfredboivin.com\/wordpress\/index.php\/wp-json\/wp\/v2\/pages"}],"about":[{"href":"https:\/\/www.alfredboivin.com\/wordpress\/index.php\/wp-json\/wp\/v2\/types\/page"}],"author":[{"embeddable":true,"href":"https:\/\/www.alfredboivin.com\/wordpress\/index.php\/wp-json\/wp\/v2\/users\/1"}],"replies":[{"embeddable":true,"href":"https:\/\/www.alfredboivin.com\/wordpress\/index.php\/wp-json\/wp\/v2\/comments?post=1211"}],"version-history":[{"count":46,"href":"https:\/\/www.alfredboivin.com\/wordpress\/index.php\/wp-json\/wp\/v2\/pages\/1211\/revisions"}],"predecessor-version":[{"id":10090,"href":"https:\/\/www.alfredboivin.com\/wordpress\/index.php\/wp-json\/wp\/v2\/pages\/1211\/revisions\/10090"}],"wp:attachment":[{"href":"https:\/\/www.alfredboivin.com\/wordpress\/index.php\/wp-json\/wp\/v2\/media?parent=1211"}],"curies":[{"name":"wp","href":"https:\/\/api.w.org\/{rel}","templated":true}]}}